{"id":171,"date":"2020-04-04T18:03:04","date_gmt":"2020-04-04T21:03:04","guid":{"rendered":"https:\/\/pgbv.uenf.br\/?page_id=171"},"modified":"2026-03-08T22:16:32","modified_gmt":"2026-03-09T01:16:32","slug":"egressos","status":"publish","type":"page","link":"https:\/\/pgbv.uenf.br\/es\/egressos\/","title":{"rendered":"Egresados"},"content":{"rendered":"<div data-elementor-type=\"wp-page\" data-elementor-id=\"171\" class=\"elementor elementor-171\" data-elementor-post-type=\"page\">\n\t\t\t\t\t\t<section data-particle_enable=\"false\" data-particle-mobile-disabled=\"false\" class=\"elementor-section elementor-top-section elementor-element elementor-element-d7139f9 elementor-section-boxed elementor-section-height-default elementor-section-height-default\" data-id=\"d7139f9\" data-element_type=\"section\">\n\t\t\t\t\t\t<div class=\"elementor-container elementor-column-gap-default\">\n\t\t\t\t\t<div class=\"elementor-column elementor-col-100 elementor-top-column elementor-element elementor-element-2742374\" data-id=\"2742374\" data-element_type=\"column\">\n\t\t\t<div class=\"elementor-widget-wrap elementor-element-populated\">\n\t\t\t\t\t\t<div class=\"elementor-element elementor-element-6c8f6aa elementor-widget elementor-widget-text-editor\" data-id=\"6c8f6aa\" data-element_type=\"widget\" data-widget_type=\"text-editor.default\">\n\t\t\t\t<div class=\"elementor-widget-container\">\n\t\t\t\t\t\t\t<p style=\"text-align: center;\"><strong style=\"color: #184554; font-family: Raleway, sans-serif; font-size: 18px;\">Testimonios:<\/strong><\/p>\t\t\t\t\t\t<\/div>\n\t\t\t\t<\/div>\n\t\t\t\t<div class=\"elementor-element elementor-element-5a1bf03 elementor-widget elementor-widget-eael-testimonial-slider\" data-id=\"5a1bf03\" data-element_type=\"widget\" data-settings=\"{&quot;items&quot;:{&quot;unit&quot;:&quot;px&quot;,&quot;size&quot;:1,&quot;sizes&quot;:[]},&quot;items_tablet&quot;:{&quot;unit&quot;:&quot;px&quot;,&quot;size&quot;:1,&quot;sizes&quot;:[]},&quot;items_mobile&quot;:{&quot;unit&quot;:&quot;px&quot;,&quot;size&quot;:1,&quot;sizes&quot;:[]}}\" data-widget_type=\"eael-testimonial-slider.default\">\n\t\t\t\t<div class=\"elementor-widget-container\">\n\t\t\t\n        <div class=\"swiper-container-wrap swiper-container-wrap-dots-outside eael-testimonial-slider icon-img-right-content\" id=\"eael-testimonial-5a1bf03\">\n\t\t\t            <div class=\"swiper-container eael-testimonial-slider-main swiper-container-5a1bf03\" data-pagination=\".swiper-pagination-5a1bf03\" data-arrow-next=\".swiper-button-next-5a1bf03\" data-arrow-prev=\".swiper-button-prev-5a1bf03\" data-items=\"1\" data-items-tablet=\"1\" data-items-mobile=\"1\" data-effect=\"slide\" data-speed=\"2500\" data-loop=\"1\" data-dots=\"1\" data-autoplay_speed=\"9000\" data-pause-on-hover=\"true\">\n\n                <div class=\"swiper-wrapper\">\n\t\t\t\t\t\n\n\t\t\t\t\t\t\n\t\t\t\t\t\t\n\t\t\t\t\t\t\n\t\t\t\t\t\t                        <div class=\"eael-testimonial-item clearfix swiper-slide testimonial-avatar-rounded eael-testimonial-align-left\">\n                            <div class=\"eael-testimonial-item-inner clearfix\">\n                                <div class=\"eael-testimonial-content\" style=\" height: px;\">\n\t\t\t\t\t\t\t\t\t<span class=\"eael-testimonial-quote\"><\/span><div class=\"eael-testimonial-text\"><p>El PPGBV desempe\u00f1\u00f3 un papel central en mi desarrollo acad\u00e9mico, profesional y personal, estructurando s\u00f3lidamente mi crecimiento a lo largo de mis estudios de posgrado. La excelencia del profesorado y la calidad de la infraestructura de laboratorio fueron claves para mi desarrollo como cient\u00edfico, con \u00e9nfasis en la Ecofisiolog\u00eda Microbiana. A trav\u00e9s del programa, realic\u00e9 un doctorado en alternancia PDSE\/CAPES en el Instituto Holand\u00e9s de Ecolog\u00eda (NIOO-KNAW), una experiencia que ampli\u00f3 mi formaci\u00f3n cient\u00edfica e internacional. El programa tambi\u00e9n fomenta una visi\u00f3n innovadora y emprendedora, que culmin\u00f3 con mi victoria en el hackathon InovaNorte. Al PPGBV y a todas las personas que han formado parte de este viaje, mi sincero y permanente agradecimiento.<\/p><\/div>        <p class=\"eael-testimonial-user\"  style=\"display: block; float: none;\" >Beatriz Elisa Barcelos Cyr\u00edaco<\/p>\n        <p class=\"eael-testimonial-user-company\">Consultor regional LATAM para la startup \u201cDNA Harvest Partners LLC\u201d<\/p>\n\t\t                                <\/div>\n\t\t\t\t\t\t\t\t        <div class=\"eael-testimonial-image\">\n\t\t\t            <figure>\n                <img decoding=\"async\" src=\"https:\/\/pgbv.uenf.br\/wp-content\/uploads\/2026\/03\/Beatriz-Barcelos.jpg\" alt=\"\">\n            <\/figure>\n        <\/div>\n\t\t                            <\/div>\n                        <\/div>\n\t\t\t\t\t\n\n\t\t\t\t\t\t\n\t\t\t\t\t\t\n\n\t\t\t\t\t\t\n\t\t\t\t\t\t\n\n\t\t\t\t\t\t\n\t\t\t\t\t\t\n\t\t\t\t\t\t\n\t\t\t\t\t\t                        <div class=\"eael-testimonial-item clearfix swiper-slide testimonial-avatar-rounded eael-testimonial-align-left\">\n                            <div class=\"eael-testimonial-item-inner clearfix\">\n                                <div class=\"eael-testimonial-content\" style=\" height: px;\">\n\t\t\t\t\t\t\t\t\t<span class=\"eael-testimonial-quote\"><\/span><div class=\"eael-testimonial-text\"><p>Hacer ciencia de alto impacto en Brasil es un reto, pero mi formaci\u00f3n en el PGBV me dio las herramientas necesarias para sobresalir. Durante mis estudios de m\u00e1ster y doctorado, las asignaturas siempre estuvieron orientadas a resolver problemas reales, lo que reforz\u00f3 mi formaci\u00f3n cr\u00edtica y aplicada. Estoy profundamente agradecida por la beca Nota 10 y por la oportunidad de realizar parte de mi doctorado en Estados Unidos, fruto de una s\u00f3lida colaboraci\u00f3n entre el PGBV, FAPERJ y CAPES. Recomiendo encarecidamente el PGBV a los estudiantes universitarios que quieran cursar un m\u00e1ster y a los estudiantes de m\u00e1ster que busquen una formaci\u00f3n doctoral s\u00f3lida y excelente.<\/p><\/div>        <p class=\"eael-testimonial-user\"  style=\"display: block; float: none;\" >Lucas Rodrigues Xavier<\/p>\n        <p class=\"eael-testimonial-user-company\">Postdoctorado en la UENF<\/p>\n\t\t                                <\/div>\n\t\t\t\t\t\t\t\t        <div class=\"eael-testimonial-image\">\n\t\t\t            <figure>\n                <img decoding=\"async\" src=\"https:\/\/pgbv.uenf.br\/wp-content\/uploads\/2026\/03\/Lucas-Xavier.jpg\" alt=\"\">\n            <\/figure>\n        <\/div>\n\t\t                            <\/div>\n                        <\/div>\n\t\t\t\t\t\n\n\t\t\t\t\t\t\n\t\t\t\t\t\t\n\n\t\t\t\t\t\t\n\t\t\t\t\t\t\n\n\t\t\t\t\t\t\n\t\t\t\t\t\t\n\t\t\t\t\t\t\n\t\t\t\t\t\t                        <div class=\"eael-testimonial-item clearfix swiper-slide testimonial-avatar-rounded eael-testimonial-align-left\">\n                            <div class=\"eael-testimonial-item-inner clearfix\">\n                                <div class=\"eael-testimonial-content\" style=\" height: px;\">\n\t\t\t\t\t\t\t\t\t<span class=\"eael-testimonial-quote\"><\/span><div class=\"eael-testimonial-text\"><p>La experiencia que adquir\u00ed durante mi doctorado en el PPGBV fue crucial para mi desarrollo profesional. Adem\u00e1s de reforzar constantemente mi base acad\u00e9mica en el campo de estudio, el programa me proporcion\u00f3 herramientas esenciales para abordar cuestiones cient\u00edficas complejas, desarrollar el pensamiento cr\u00edtico y colaborar con profesionales de distintos campos. Esta trayectoria me ha aportado una valiosa experiencia en la preparaci\u00f3n, ejecuci\u00f3n y gesti\u00f3n de proyectos cient\u00edficos e iniciativas interdisciplinarias.<\/p><\/div>        <p class=\"eael-testimonial-user\"  style=\"display: block; float: none;\" >Fernanda Senna Ferreira Costa<\/p>\n        <p class=\"eael-testimonial-user-company\">Analista de Investigaci\u00f3n y Extensi\u00f3n en FAESA - ES<\/p>\n\t\t                                <\/div>\n\t\t\t\t\t\t\t\t        <div class=\"eael-testimonial-image\">\n\t\t\t            <figure>\n                <img decoding=\"async\" src=\"https:\/\/pgbv.uenf.br\/wp-content\/uploads\/2026\/03\/Foto-fernanda.jpeg\" alt=\"\">\n            <\/figure>\n        <\/div>\n\t\t                            <\/div>\n                        <\/div>\n\t\t\t\t\t\n\n\t\t\t\t\t\t\n\t\t\t\t\t\t\n\n\t\t\t\t\t\t\n\t\t\t\t\t\t\n\n\t\t\t\t\t\t\n\t\t\t\t\t\t\n\t\t\t\t\t\t\n\t\t\t\t\t\t                        <div class=\"eael-testimonial-item clearfix swiper-slide testimonial-avatar-rounded eael-testimonial-align-left\">\n                            <div class=\"eael-testimonial-item-inner clearfix\">\n                                <div class=\"eael-testimonial-content\" style=\" height: px;\">\n\t\t\t\t\t\t\t\t\t<span class=\"eael-testimonial-quote\"><\/span><div class=\"eael-testimonial-text\"><p>El PPGBV fue fundamental para mi formaci\u00f3n, ya que me ofreci\u00f3 una base s\u00f3lida en biotecnolog\u00eda vegetal y acceso a la investigaci\u00f3n de vanguardia. A trav\u00e9s del programa, pude desarrollar proyectos relevantes, ampliar mi red de colaboraci\u00f3n y reforzar mi papel como investigador. Esta experiencia fue decisiva para mi carrera acad\u00e9mica y profesional.<\/p><\/div>        <p class=\"eael-testimonial-user\"  style=\"display: block; float: none;\" >Roberta Pena da Paschoa<\/p>\n        <p class=\"eael-testimonial-user-company\">Postdoctorado en la Facultad de Ciencias Farmac\u00e9uticas-USP<\/p>\n\t\t                                <\/div>\n\t\t\t\t\t\t\t\t        <div class=\"eael-testimonial-image\">\n\t\t\t            <figure>\n                <img decoding=\"async\" src=\"https:\/\/pgbv.uenf.br\/wp-content\/uploads\/2026\/01\/Foto_Roberta.jpeg\" alt=\"\">\n            <\/figure>\n        <\/div>\n\t\t                            <\/div>\n                        <\/div>\n\t\t\t\t\t\n\n\t\t\t\t\t\t\n\t\t\t\t\t\t\n\n\t\t\t\t\t\t\n\t\t\t\t\t\t\n\n\t\t\t\t\t\t\n\t\t\t\t\t\t\n\t\t\t\t\t\t\n\t\t\t\t\t\t                        <div class=\"eael-testimonial-item clearfix swiper-slide testimonial-avatar-rounded eael-testimonial-align-left\">\n                            <div class=\"eael-testimonial-item-inner clearfix\">\n                                <div class=\"eael-testimonial-content\" style=\" height: px;\">\n\t\t\t\t\t\t\t\t\t<span class=\"eael-testimonial-quote\"><\/span><div class=\"eael-testimonial-text\"><p>El PPGBV fue fundamental para mi formaci\u00f3n profesional. Durante mi doctorado y posdoctorado en el programa, desarroll\u00e9 competencias esenciales para mi trabajo acad\u00e9mico y cient\u00edfico. Esta experiencia me proporcion\u00f3 un crecimiento significativo, prepar\u00e1ndome para afrontar los retos de mi carrera actual con confianza y competencia. Estoy inmensamente agradecida por este viaje transformador, que ampli\u00f3 mi repertorio t\u00e9cnico y cient\u00edfico y contribuy\u00f3 a mi desarrollo personal y profesional.<\/p><\/div>        <p class=\"eael-testimonial-user\"  style=\"display: block; float: none;\" >Renan Carrari Santos<\/p>\n        <p class=\"eael-testimonial-user-company\">Profesora de la Secretar\u00eda de Estado de Educaci\u00f3n de ES y coordinadora del Proyecto Mais Ci\u00eancia na Escola Capixaba<\/p>\n\t\t                                <\/div>\n\t\t\t\t\t\t\t\t        <div class=\"eael-testimonial-image\">\n\t\t\t            <figure>\n                <img decoding=\"async\" src=\"https:\/\/pgbv.uenf.br\/wp-content\/uploads\/2026\/01\/Renan.jpg\" alt=\"\">\n            <\/figure>\n        <\/div>\n\t\t                            <\/div>\n                        <\/div>\n\t\t\t\t\t\n\n\t\t\t\t\t\t\n\t\t\t\t\t\t\n\n\t\t\t\t\t\t\n\t\t\t\t\t\t\n\n\t\t\t\t\t\t\n\t\t\t\t\t\t\n\t\t\t\t\t\t\n\t\t\t\t\t\t                        <div class=\"eael-testimonial-item clearfix swiper-slide testimonial-avatar-rounded eael-testimonial-align-left\">\n                            <div class=\"eael-testimonial-item-inner clearfix\">\n                                <div class=\"eael-testimonial-content\" style=\" height: px;\">\n\t\t\t\t\t\t\t\t\t<span class=\"eael-testimonial-quote\"><\/span><div class=\"eael-testimonial-text\"><p>En la PGBV, pude descubrirme realmente como investigadora, encontrando en la\u00a0<i>Cannabis sativa<\/i>\u00a0el objeto de estudio que dominaba mi coraz\u00f3n. Gracias al enfoque innovador y multidisciplinar del programa y a un s\u00f3lido grupo de investigaci\u00f3n en bioinform\u00e1tica, pude explorar esta pasi\u00f3n incluso frente a los retos asociados a esta planta. Estoy muy agradecida por esta oportunidad de hacer ciencia centr\u00e1ndome en algo que me aporta un prop\u00f3sito tan claro.<\/p><\/div>        <p class=\"eael-testimonial-user\"  style=\"display: block; float: none;\" >Kevelin Barbosa Xavier<\/p>\n        <p class=\"eael-testimonial-user-company\">Cient\u00edfico jefe de datos en Cannamatrix<\/p>\n\t\t                                <\/div>\n\t\t\t\t\t\t\t\t        <div class=\"eael-testimonial-image\">\n\t\t\t            <figure>\n                <img decoding=\"async\" src=\"https:\/\/pgbv.uenf.br\/wp-content\/uploads\/2025\/07\/Kevelin_barbosa-1.jpg\" alt=\"\">\n            <\/figure>\n        <\/div>\n\t\t                            <\/div>\n                        <\/div>\n\t\t\t\t\t\n\n\t\t\t\t\t\t\n\t\t\t\t\t\t\n\n\t\t\t\t\t\t\n\t\t\t\t\t\t\n\n\t\t\t\t\t\t\n\t\t\t\t\t\t\n\t\t\t\t\t\t\n\t\t\t\t\t\t                        <div class=\"eael-testimonial-item clearfix swiper-slide testimonial-avatar-rounded eael-testimonial-align-left\">\n                            <div class=\"eael-testimonial-item-inner clearfix\">\n                                <div class=\"eael-testimonial-content\" style=\" height: px;\">\n\t\t\t\t\t\t\t\t\t<span class=\"eael-testimonial-quote\"><\/span><div class=\"eael-testimonial-text\"><p>Durante mi doctorado en Biotecnolog\u00eda Vegetal adquir\u00ed valiosos conocimientos, especialmente en bioinform\u00e1tica y gen\u00f3mica funcional. Tuve el privilegio de trabajar con investigadores de renombre y desarrollar no s\u00f3lo habilidades t\u00e9cnicas, sino tambi\u00e9n interpersonales junto a compa\u00f1eros incre\u00edbles. El PPGBV fue fundamental para mi carrera profesional y personal, abri\u00e9ndome caminos que ahora sigo con gratitud y prop\u00f3sito.<\/p><\/div>        <p class=\"eael-testimonial-user\"  style=\"display: block; float: none;\" >Dayana Kelly Turquetti de Moraes<\/p>\n        <p class=\"eael-testimonial-user-company\">Postdoctorado en la UENF<\/p>\n\t\t                                <\/div>\n\t\t\t\t\t\t\t\t        <div class=\"eael-testimonial-image\">\n\t\t\t            <figure>\n                <img decoding=\"async\" src=\"https:\/\/pgbv.uenf.br\/wp-content\/uploads\/2025\/06\/dayana_kelly.jpg\" alt=\"\">\n            <\/figure>\n        <\/div>\n\t\t                            <\/div>\n                        <\/div>\n\t\t\t\t\t\n\n\t\t\t\t\t\t\n\t\t\t\t\t\t\n\n\t\t\t\t\t\t\n\t\t\t\t\t\t\n\n\t\t\t\t\t\t\n\t\t\t\t\t\t\n\t\t\t\t\t\t\n\t\t\t\t\t\t                        <div class=\"eael-testimonial-item clearfix swiper-slide testimonial-avatar-rounded eael-testimonial-align-left\">\n                            <div class=\"eael-testimonial-item-inner clearfix\">\n                                <div class=\"eael-testimonial-content\" style=\" height: px;\">\n\t\t\t\t\t\t\t\t\t<span class=\"eael-testimonial-quote\"><\/span><div class=\"eael-testimonial-text\"><p><i>Participar en el programa PPGBV de la UENF contribuy\u00f3 significativamente a mi desarrollo acad\u00e9mico, profesional y personal. Durante este per\u00edodo, adquir\u00ed importantes conocimientos y viv\u00ed experiencias que favorecieron mi desarrollo. La interacci\u00f3n con colegas y profesionales del programa hizo que esta etapa fuera a\u00fan m\u00e1s fruct\u00edfera. Sin duda, ha marcado una diferencia en mi trayectoria vital.<\/i><\/p><\/div>        <p class=\"eael-testimonial-user\"  style=\"display: block; float: none;\" >Rafael Luiz Frinhani Rocha<\/p>\n        <p class=\"eael-testimonial-user-company\">Analista medioambiental y profesor de secundaria - SEDU - ES<\/p>\n\t\t                                <\/div>\n\t\t\t\t\t\t\t\t        <div class=\"eael-testimonial-image\">\n\t\t\t            <figure>\n                <img decoding=\"async\" src=\"https:\/\/pgbv.uenf.br\/wp-content\/uploads\/2025\/07\/Rafael_Luiz.jpg\" alt=\"\">\n            <\/figure>\n        <\/div>\n\t\t                            <\/div>\n                        <\/div>\n\t\t\t\t\t\n\n\t\t\t\t\t\t\n\t\t\t\t\t\t\n\n\t\t\t\t\t\t\n\t\t\t\t\t\t\n\n\t\t\t\t\t\t\n\t\t\t\t\t\t\n\t\t\t\t\t\t\n\t\t\t\t\t\t                        <div class=\"eael-testimonial-item clearfix swiper-slide testimonial-avatar-rounded eael-testimonial-align-left\">\n                            <div class=\"eael-testimonial-item-inner clearfix\">\n                                <div class=\"eael-testimonial-content\" style=\" height: px;\">\n\t\t\t\t\t\t\t\t\t<span class=\"eael-testimonial-quote\"><\/span><div class=\"eael-testimonial-text\"><p>El PPGBV forma parte de mi vida profesional.  Despu\u00e9s de terminar mi doctorado, hice una pasant\u00eda posdoctoral en Irlanda y actualmente trabajo como profesor visitante en la Universidad Federal de Grande Dourados (UFGD), MS, Brasil. Estoy profundamente agradecido al PPGBV, a la UENF y, en particular, a mi supervisor, el profesor Ant\u00f4nio Amaral, por el apoyo y la excelente formaci\u00f3n que recib\u00ed.<\/p><\/div>        <p class=\"eael-testimonial-user\"  style=\"display: block; float: none;\" >Shahid Khan<\/p>\n        <p class=\"eael-testimonial-user-company\">Profesor Asistente Visitante en el Programa de Postgrado en Agronom\u00eda<\/p>\n\t\t                                <\/div>\n\t\t\t\t\t\t\t\t        <div class=\"eael-testimonial-image\">\n\t\t\t            <figure>\n                <img decoding=\"async\" src=\"https:\/\/pgbv.uenf.br\/wp-content\/uploads\/2025\/07\/Shahid_Khan.jpg\" alt=\"\">\n            <\/figure>\n        <\/div>\n\t\t                            <\/div>\n                        <\/div>\n\t\t\t\t\t\n\n\t\t\t\t\t\t\n\t\t\t\t\t\t\n\n\t\t\t\t\t\t\n\t\t\t\t\t\t\n\n\t\t\t\t\t\t\n\t\t\t\t\t\t\n\t\t\t\t\t\t\n\t\t\t\t\t\t                        <div class=\"eael-testimonial-item clearfix swiper-slide testimonial-avatar-rounded eael-testimonial-align-left\">\n                            <div class=\"eael-testimonial-item-inner clearfix\">\n                                <div class=\"eael-testimonial-content\" style=\" height: px;\">\n\t\t\t\t\t\t\t\t\t<span class=\"eael-testimonial-quote\"><\/span><div class=\"eael-testimonial-text\"><p>El programa PGBV fue esencial para mi carrera profesional y acad\u00e9mica, ya que me proporcion\u00f3 una formaci\u00f3n s\u00f3lida y profunda en el campo de la biotecnolog\u00eda vegetal. La experiencia adquirida en el programa me permiti\u00f3 desarrollar habilidades t\u00e9cnicas, de investigaci\u00f3n e innovaci\u00f3n, que han sido fundamentales para mi desarrollo como investigadora. Adem\u00e1s, el PGBV me abri\u00f3 las puertas a oportunidades de crecimiento y colaboraci\u00f3n en el \u00e1mbito cient\u00edfico, fortaleciendo mi carrera. La formaci\u00f3n que recib\u00ed en este programa fue decisiva para mi transici\u00f3n a los estudios postdoctorales. Agradezco todo el apoyo y aprendizaje que el programa me ha proporcionado a lo largo de este viaje.<\/p><\/div>        <p class=\"eael-testimonial-user\"  style=\"display: block; float: none;\" > Gabriella Rodrigues Gon\u00e7alves<\/p>\n        <p class=\"eael-testimonial-user-company\">Postdoctorado en la UENF<\/p>\n\t\t                                <\/div>\n\t\t\t\t\t\t\t\t        <div class=\"eael-testimonial-image\">\n\t\t\t            <figure>\n                <img decoding=\"async\" src=\"https:\/\/pgbv.uenf.br\/wp-content\/uploads\/2025\/06\/gabriela_rodrigues.jpg\" alt=\"\">\n            <\/figure>\n        <\/div>\n\t\t                            <\/div>\n                        <\/div>\n\t\t\t\t\t\n\n\t\t\t\t\t\t\n\t\t\t\t\t\t\n\n\t\t\t\t\t\t\n\t\t\t\t\t\t\n\n\t\t\t\t\t\t\n\t\t\t\t\t\t\n\t\t\t\t\t\t\n\t\t\t\t\t\t                        <div class=\"eael-testimonial-item clearfix swiper-slide testimonial-avatar-rounded eael-testimonial-align-left\">\n                            <div class=\"eael-testimonial-item-inner clearfix\">\n                                <div class=\"eael-testimonial-content\" style=\" height: px;\">\n\t\t\t\t\t\t\t\t\t<span class=\"eael-testimonial-quote\"><\/span><div class=\"eael-testimonial-text\"><p>Hacer un doctorado en el PGBV fue mucho m\u00e1s que adquirir un t\u00edtulo. El abanico de oportunidades que ofrece el programa proporciona a los graduados las herramientas y el capital intelectual necesarios para trabajar en el mundo acad\u00e9mico, en el mundo empresarial o en el sector p\u00fablico. Durante el tiempo que estudi\u00e9 el curso pude participar en varios congresos, participar en actividades de extensi\u00f3n, hacer pr\u00e1cticas en el extranjero, participar en la organizaci\u00f3n de eventos, formar parte de un grupo de investigaci\u00f3n productivo, publicar art\u00edculos y establecer asociaciones. El PGBV ha marcado la diferencia en mi formaci\u00f3n y en la consolidaci\u00f3n de mi vida profesional.<\/p><\/div>        <p class=\"eael-testimonial-user\"  style=\"display: block; float: none;\" >Milena Bellei Cherene<\/p>\n        <p class=\"eael-testimonial-user-company\">Profesor del Departamento de Educaci\u00f3n del Estado de ES<\/p>\n\t\t                                <\/div>\n\t\t\t\t\t\t\t\t        <div class=\"eael-testimonial-image\">\n\t\t\t            <figure>\n                <img decoding=\"async\" src=\"https:\/\/pgbv.uenf.br\/wp-content\/uploads\/2025\/06\/milena_bellei.jpg\" alt=\"\">\n            <\/figure>\n        <\/div>\n\t\t                            <\/div>\n                        <\/div>\n\t\t\t\t\t\n\n\t\t\t\t\t\t\n\t\t\t\t\t\t\n\n\t\t\t\t\t\t\n\t\t\t\t\t\t\n\n\t\t\t\t\t\t\n\t\t\t\t\t\t\n\t\t\t\t\t\t\n\t\t\t\t\t\t                        <div class=\"eael-testimonial-item clearfix swiper-slide testimonial-avatar-rounded eael-testimonial-align-left\">\n                            <div class=\"eael-testimonial-item-inner clearfix\">\n                                <div class=\"eael-testimonial-content\" style=\" height: px;\">\n\t\t\t\t\t\t\t\t\t<span class=\"eael-testimonial-quote\"><\/span><div class=\"eael-testimonial-text\"><p>El PPGBV fue un hito en mi carrera doctoral, ya que me proporcion\u00f3 una excelente formaci\u00f3n acad\u00e9mica y ampli\u00f3 mi visi\u00f3n cient\u00edfica. La interdisciplinariedad del programa fue fundamental para el desarrollo de mi trabajo y mi desempe\u00f1o profesional.<\/p><\/div>        <p class=\"eael-testimonial-user\"  style=\"display: block; float: none;\" >K\u00e1tia Fabiane Medeiros Schmitt<\/p>\n        <p class=\"eael-testimonial-user-company\">Postdoctorado en la UENF<\/p>\n\t\t                                <\/div>\n\t\t\t\t\t\t\t\t        <div class=\"eael-testimonial-image\">\n\t\t\t            <figure>\n                <img decoding=\"async\" src=\"https:\/\/pgbv.uenf.br\/wp-content\/uploads\/2025\/06\/katia_schmitt.jpg\" alt=\"\">\n            <\/figure>\n        <\/div>\n\t\t                            <\/div>\n                        <\/div>\n\t\t\t\t\t\n\n\t\t\t\t\t\t\n\t\t\t\t\t\t\n\n\t\t\t\t\t\t\n\t\t\t\t\t\t\n\n\t\t\t\t\t\t\n\t\t\t\t\t\t\n\t\t\t\t\t\t\n\t\t\t\t\t\t                        <div class=\"eael-testimonial-item clearfix swiper-slide testimonial-avatar-rounded eael-testimonial-align-left\">\n                            <div class=\"eael-testimonial-item-inner clearfix\">\n                                <div class=\"eael-testimonial-content\" style=\" height: px;\">\n\t\t\t\t\t\t\t\t\t<span class=\"eael-testimonial-quote\"><\/span><div class=\"eael-testimonial-text\"><p>Incorporarme al programa de doctorado del PGBV me permiti\u00f3 conocer otros \u00e1mbitos de investigaci\u00f3n m\u00e1s all\u00e1 del acad\u00e9mico. El PGBV es un programa reputado y s\u00f3lido que fomenta el esp\u00edritu emprendedor y la internacionalizaci\u00f3n. El programa fue crucial para mi formaci\u00f3n como profesional, adem\u00e1s de permitirme participar en el PDSE, lo que me permiti\u00f3 realizar valiosas colaboraciones en el programa de doctorado-sandwich.<\/p><\/div>        <p class=\"eael-testimonial-user\"  style=\"display: block; float: none;\" >Sarah Rodrigues Ferreira<\/p>\n        <p class=\"eael-testimonial-user-company\">Postdoctorado en la UENF<\/p>\n\t\t                                <\/div>\n\t\t\t\t\t\t\t\t        <div class=\"eael-testimonial-image\">\n\t\t\t            <figure>\n                <img decoding=\"async\" src=\"https:\/\/pgbv.uenf.br\/wp-content\/uploads\/2025\/06\/Foto_sarah.jpg\" alt=\"\">\n            <\/figure>\n        <\/div>\n\t\t                            <\/div>\n                        <\/div>\n\t\t\t\t\t\n\n\t\t\t\t\t\t\n\t\t\t\t\t\t\n\n\t\t\t\t\t\t\n\t\t\t\t\t\t\n\n\t\t\t\t\t\t\n\t\t\t\t\t\t\n\t\t\t\t\t\t\n\t\t\t\t\t\t                        <div class=\"eael-testimonial-item clearfix swiper-slide testimonial-avatar-rounded eael-testimonial-align-left\">\n                            <div class=\"eael-testimonial-item-inner clearfix\">\n                                <div class=\"eael-testimonial-content\" style=\" height: px;\">\n\t\t\t\t\t\t\t\t\t<span class=\"eael-testimonial-quote\"><\/span><div class=\"eael-testimonial-text\"><p>Estudiar el m\u00e1ster y el doctorado en el PGBV fue un viaje transformador. Cuando me traslad\u00e9 a la empresa, me di cuenta de hasta qu\u00e9 punto esta formaci\u00f3n me preparaba para afrontar retos complejos y contribuir de forma innovadora. La transici\u00f3n requiri\u00f3 adaptaci\u00f3n, pero la s\u00f3lida base adquirida en el programa de posgrado fue fundamental para posicionarme con confianza y aportar valor al entorno corporativo. Estoy agradecida por mi trayectoria acad\u00e9mica y por el impacto que sigue teniendo en mi labor profesional.<\/p><\/div>        <p class=\"eael-testimonial-user\"  style=\"display: block; float: none;\" >K\u00e9sia Dias<\/p>\n        <p class=\"eael-testimonial-user-company\">Especialista en microbiolog\u00eda en Symbiomics<\/p>\n\t\t                                <\/div>\n\t\t\t\t\t\t\t\t        <div class=\"eael-testimonial-image\">\n\t\t\t            <figure>\n                <img decoding=\"async\" src=\"https:\/\/pgbv.uenf.br\/wp-content\/uploads\/2025\/04\/kesia_dias.png\" alt=\"\">\n            <\/figure>\n        <\/div>\n\t\t                            <\/div>\n                        <\/div>\n\t\t\t\t\t\n\n\t\t\t\t\t\t\n\t\t\t\t\t\t\n\n\t\t\t\t\t\t\n\t\t\t\t\t\t\n\n\t\t\t\t\t\t\n\t\t\t\t\t\t\n\t\t\t\t\t\t\n\t\t\t\t\t\t                        <div class=\"eael-testimonial-item clearfix swiper-slide testimonial-avatar-rounded eael-testimonial-align-left\">\n                            <div class=\"eael-testimonial-item-inner clearfix\">\n                                <div class=\"eael-testimonial-content\" style=\" height: px;\">\n\t\t\t\t\t\t\t\t\t<span class=\"eael-testimonial-quote\"><\/span><div class=\"eael-testimonial-text\"><p>Formar parte del primer programa de doctorado del PPGBV fue una experiencia transformadora. Desde el principio me di cuenta del potencial del programa para ampliar mis perspectivas profesionales mediante una formaci\u00f3n te\u00f3rica y pr\u00e1ctica de excelencia, centrada en \u00e1reas esenciales de la biotecnolog\u00eda y en temas de vanguardia cient\u00edfica. Los conocimientos adquiridos han sido decisivos en mi carrera, contribuyendo directamente a mi actual puesto de profesor. Agradezco las experiencias enriquecedoras que me ha proporcionado el PPGBV y hoy me comprometo a compartir este legado con las nuevas generaciones de estudiantes del programa.<\/p><\/div>        <p class=\"eael-testimonial-user\"  style=\"display: block; float: none;\" >Felipe Astolpho<\/p>\n        <p class=\"eael-testimonial-user-company\">Profesor de la UENF<\/p>\n\t\t                                <\/div>\n\t\t\t\t\t\t\t\t        <div class=\"eael-testimonial-image\">\n\t\t\t            <figure>\n                <img decoding=\"async\" src=\"https:\/\/pgbv.uenf.br\/wp-content\/uploads\/2025\/04\/felipe_astolpho.png\" alt=\"\">\n            <\/figure>\n        <\/div>\n\t\t                            <\/div>\n                        <\/div>\n\t\t\t\t\t\n\n\t\t\t\t\t\t\n\t\t\t\t\t\t\n\n\t\t\t\t\t\t\n\t\t\t\t\t\t\n\n\t\t\t\t\t\t\n\t\t\t\t\t\t\n\t\t\t\t\t\t\n\t\t\t\t\t\t                        <div class=\"eael-testimonial-item clearfix swiper-slide testimonial-avatar-rounded eael-testimonial-align-left\">\n                            <div class=\"eael-testimonial-item-inner clearfix\">\n                                <div class=\"eael-testimonial-content\" style=\" height: px;\">\n\t\t\t\t\t\t\t\t\t<span class=\"eael-testimonial-quote\"><\/span><div class=\"eael-testimonial-text\"><p>El PGBV aport\u00f3 claridad y nuevas perspectivas a mi carrera acad\u00e9mica, permiti\u00e9ndome entender la ciencia como un motor de innovaci\u00f3n y una herramienta esencial para transformar ideas y resolver retos reales. Esta formaci\u00f3n me permiti\u00f3 completar mi doctorado con la presentaci\u00f3n de la patente \"Larvicida en nanoemulsi\u00f3n a base de aceite de jatrofa\".<\/p><\/div>        <p class=\"eael-testimonial-user\"  style=\"display: block; float: none;\" >Raquel de Souza Braga Silva<\/p>\n        <p class=\"eael-testimonial-user-company\">Postdoctorado en la UENF<\/p>\n\t\t                                <\/div>\n\t\t\t\t\t\t\t\t        <div class=\"eael-testimonial-image\">\n\t\t\t            <figure>\n                <img decoding=\"async\" src=\"https:\/\/pgbv.uenf.br\/wp-content\/uploads\/2025\/02\/Foto-Raquel-Braga.jpg\" alt=\"\">\n            <\/figure>\n        <\/div>\n\t\t                            <\/div>\n                        <\/div>\n\t\t\t\t\t\n\n\t\t\t\t\t\t\n\t\t\t\t\t\t\n\n\t\t\t\t\t\t\n\t\t\t\t\t\t\n\n\t\t\t\t\t\t\n\t\t\t\t\t\t\n\t\t\t\t\t\t\n\t\t\t\t\t\t                        <div class=\"eael-testimonial-item clearfix swiper-slide testimonial-avatar-rounded eael-testimonial-align-left\">\n                            <div class=\"eael-testimonial-item-inner clearfix\">\n                                <div class=\"eael-testimonial-content\" style=\" height: px;\">\n\t\t\t\t\t\t\t\t\t<span class=\"eael-testimonial-quote\"><\/span><div class=\"eael-testimonial-text\"><p>El PPGBV ha sido crucial en mi carrera profesional, principalmente porque proporciona una formaci\u00f3n super multidisciplinar y actualizada para el mercado laboral y las diversas \u00e1reas en las que podemos trabajar.<\/p><\/div>        <p class=\"eael-testimonial-user\"  style=\"display: block; float: none;\" >Priscila Pires Bittencourt<\/p>\n        <p class=\"eael-testimonial-user-company\">Especialista comercial en BS Diagn\u00f3stica<\/p>\n\t\t                                <\/div>\n\t\t\t\t\t\t\t\t        <div class=\"eael-testimonial-image\">\n\t\t\t            <figure>\n                <img decoding=\"async\" src=\"https:\/\/pgbv.uenf.br\/wp-content\/uploads\/2025\/02\/Priscila-Pires.jpeg\" alt=\"\">\n            <\/figure>\n        <\/div>\n\t\t                            <\/div>\n                        <\/div>\n\t\t\t\t\t\n\n\t\t\t\t\t\t\n\t\t\t\t\t\t\n\n\t\t\t\t\t\t\n\t\t\t\t\t\t\n\n\t\t\t\t\t\t\n\t\t\t\t\t\t\n\t\t\t\t\t\t\n\t\t\t\t\t\t                        <div class=\"eael-testimonial-item clearfix swiper-slide testimonial-avatar-rounded eael-testimonial-align-left\">\n                            <div class=\"eael-testimonial-item-inner clearfix\">\n                                <div class=\"eael-testimonial-content\" style=\" height: px;\">\n\t\t\t\t\t\t\t\t\t<span class=\"eael-testimonial-quote\"><\/span><div class=\"eael-testimonial-text\"><p>El PPGBV ha formado parte de mi vida de posgrado como estudiante de m\u00e1ster y doctorado. He podido aprovechar todo lo que ofrece el programa, adquiriendo experiencia pr\u00e1ctica en investigaci\u00f3n, extensi\u00f3n y docencia. Una gran caracter\u00edstica del programa es que ofrece diferentes opciones profesionales, y para m\u00ed la opci\u00f3n de emprender investigaci\u00f3n fue la que despert\u00f3 mi inter\u00e9s. Esta combinaci\u00f3n de investigaci\u00f3n y esp\u00edritu empresarial me permiti\u00f3 aprobar el programa Doctor Emprendedor de la FAPERJ y poner en marcha la empresa de biotecnolog\u00eda que ahora dirijo.<\/p><\/div>        <p class=\"eael-testimonial-user\"  style=\"display: block; float: none;\" >Walaci da Silva Santos<\/p>\n        <p class=\"eael-testimonial-user-company\">Director General de Aroma Biotech<\/p>\n\t\t                                <\/div>\n\t\t\t\t\t\t\t\t        <div class=\"eael-testimonial-image\">\n\t\t\t            <figure>\n                <img decoding=\"async\" src=\"https:\/\/pgbv.uenf.br\/wp-content\/uploads\/2025\/02\/Foto-Walaci.jpeg\" alt=\"\">\n            <\/figure>\n        <\/div>\n\t\t                            <\/div>\n                        <\/div>\n\t\t\t\t\t\n\n\t\t\t\t\t\t\n\t\t\t\t\t\t\n\n\t\t\t\t\t\t\n\t\t\t\t\t\t\n\n\t\t\t\t\t\t\n\t\t\t\t\t\t\n\t\t\t\t\t\t\n\t\t\t\t\t\t                        <div class=\"eael-testimonial-item clearfix swiper-slide testimonial-avatar-rounded eael-testimonial-align-left\">\n                            <div class=\"eael-testimonial-item-inner clearfix\">\n                                <div class=\"eael-testimonial-content\" style=\" height: px;\">\n\t\t\t\t\t\t\t\t\t<span class=\"eael-testimonial-quote\"><\/span><div class=\"eael-testimonial-text\"><p>El PGBV me permiti\u00f3 visualizar otros caminos que los posgraduados pueden tomar al final de su carrera acad\u00e9mica. La formaci\u00f3n que recib\u00ed inclu\u00eda conceptos de creaci\u00f3n y gesti\u00f3n de empresas, lo que me motiv\u00f3 a convertirme en emprendedora, naciendo as\u00ed IMicro-Biotech, una start-up de fertilizantes biol\u00f3gicos que utiliza una tecnolog\u00eda innovadora y altamente eficiente para los cultivos agr\u00edcolas.<\/p><\/div>        <p class=\"eael-testimonial-user\"  style=\"display: block; float: none;\" >J\u00falia Rosa Moreira<\/p>\n        <p class=\"eael-testimonial-user-company\">Director General de IMicro-Biotech<\/p>\n\t\t                                <\/div>\n\t\t\t\t\t\t\t\t        <div class=\"eael-testimonial-image\">\n\t\t\t            <figure>\n                <img decoding=\"async\" src=\"https:\/\/pgbv.uenf.br\/wp-content\/uploads\/2023\/03\/Foto-Julia.jpg\" alt=\"\">\n            <\/figure>\n        <\/div>\n\t\t                            <\/div>\n                        <\/div>\n\t\t\t\t\t\n\n\t\t\t\t\t\t\n\t\t\t\t\t\t\n\n\t\t\t\t\t\t\n\t\t\t\t\t\t                <\/div>\n\t\t\t\t            <!-- Add Pagination -->\n            <div class=\"swiper-pagination swiper-pagination-5a1bf03\"><\/div>\n\t\t            <\/div>\n\t\t\t        <\/div>\n\n\t\t\t\t<\/div>\n\t\t\t\t<\/div>\n\t\t\t\t<div class=\"elementor-element elementor-element-245410f elementor-widget elementor-widget-spacer\" data-id=\"245410f\" data-element_type=\"widget\" data-widget_type=\"spacer.default\">\n\t\t\t\t<div class=\"elementor-widget-container\">\n\t\t\t\t\t<div class=\"elementor-spacer\">\n\t\t\t<div class=\"elementor-spacer-inner\"><\/div>\n\t\t<\/div>\n\t\t\t\t<\/div>\n\t\t\t\t<\/div>\n\t\t\t\t\t<\/div>\n\t\t<\/div>\n\t\t\t\t\t<\/div>\n\t\t<\/section>\n\t\t\t\t<section data-particle_enable=\"false\" data-particle-mobile-disabled=\"false\" class=\"elementor-section elementor-top-section elementor-element elementor-element-6b0f3a08 elementor-section-boxed elementor-section-height-default elementor-section-height-default\" data-id=\"6b0f3a08\" data-element_type=\"section\">\n\t\t\t\t\t\t<div class=\"elementor-container elementor-column-gap-default\">\n\t\t\t\t\t<div class=\"elementor-column elementor-col-100 elementor-top-column elementor-element elementor-element-77895c2f\" data-id=\"77895c2f\" data-element_type=\"column\">\n\t\t\t<div class=\"elementor-widget-wrap elementor-element-populated\">\n\t\t\t\t\t\t<div class=\"elementor-element elementor-element-109ea46e elementor-widget elementor-widget-text-editor\" data-id=\"109ea46e\" data-element_type=\"widget\" data-widget_type=\"text-editor.default\">\n\t\t\t\t<div class=\"elementor-widget-container\">\n\t\t\t\t\t\t\t<div id=\"egressos-msc\" class=\"container-fluid\"><h3><strong>Titulados de m\u00e1ster<\/strong><\/h3><div class=\"datagrid\"><div>\n<table id=\"tablepress-18\" class=\"tablepress tablepress-id-18\">\n<thead>\n<tr class=\"row-1\">\n\t<th class=\"column-1\">Nombre<\/th><th class=\"column-2\">Director<\/th><th class=\"column-3\">Fecha de la defensa<\/th><th class=\"column-4\">IES PPGBV<\/th><th class=\"column-5\">Instituci\u00f3n ACTUAL<\/th><th class=\"column-6\">Cargo\/Funci\u00f3n<\/th><th class=\"column-7\">\u00c1rea de Actuaci\u00f3n<\/th>\n<\/tr>\n<\/thead>\n<tbody class=\"row-striping row-hover\">\n<tr class=\"row-2\">\n\t<td class=\"column-1\"><a href=\"http:\/\/lattes.cnpq.br\/2902104364600890\">Alice Ferreira Alves<\/a><\/td><td class=\"column-2\">F\u00e1bio Lopes Olivares<\/td><td class=\"column-3\">2022-02-07<\/td><td class=\"column-4\">UENF<\/td><td class=\"column-5\">ESALQ \/ USP<\/td><td class=\"column-6\">Estudiante de doctorado<\/td><td class=\"column-7\">Microbiolog\u00eda agr\u00edcola<\/td>\n<\/tr>\n<tr class=\"row-3\">\n\t<td class=\"column-1\"><a href=\"http:\/\/lattes.cnpq.br\/2601894230259140\">Aline Roseiro Carvalho<\/a><\/td><td class=\"column-2\">Denise Coutinho Endringer<\/td><td class=\"column-3\">2024-07-30<\/td><td class=\"column-4\">UVV<\/td><td class=\"column-5\">UNIFLEX<\/td><td class=\"column-6\">Nutricionista<\/td><td class=\"column-7\">Nutricionista<\/td>\n<\/tr>\n<tr class=\"row-4\">\n\t<td class=\"column-1\"><a href=\"http:\/\/lattes.cnpq.br\/4793233273689394\">Amanda Brahim Brand\u00e3o<\/a><\/td><td class=\"column-2\">Alessandro Coutinho Ramos<\/td><td class=\"column-3\">2021-01-08<\/td><td class=\"column-4\">UVV<\/td><td class=\"column-5\">Ayuntamiento de Vila Velha - ES<\/td><td class=\"column-6\">Asistente farmac\u00e9utico<br \/>\n<\/td><td class=\"column-7\">Biotecnolog\u00eda sanitaria<\/td>\n<\/tr>\n<tr class=\"row-5\">\n\t<td class=\"column-1\"><a href=\"http:\/\/lattes.cnpq.br\/6089740812987630\">Ana Carolina Bianco Gomes<\/a><\/td><td class=\"column-2\">Christiane Mileib Vasconcelos<\/td><td class=\"column-3\">2020-07-31<\/td><td class=\"column-4\">UVV<\/td><td class=\"column-5\">UVV<\/td><td class=\"column-6\">Estudiante de doctorado<\/td><td class=\"column-7\">Biotecnolog\u00eda vegetal<\/td>\n<\/tr>\n<tr class=\"row-6\">\n\t<td class=\"column-1\"><a href=\"http:\/\/lattes.cnpq.br\/6972770960474530\">Andr\u00e9 Falcao Santana Merencio<\/a><\/td><td class=\"column-2\">Ary Gomes da Silva<\/td><td class=\"column-3\">2019-07-30<\/td><td class=\"column-4\">UVV<\/td><td class=\"column-5\">--<\/td><td class=\"column-6\">--<\/td><td class=\"column-7\">Sin relaci\u00f3n<\/td>\n<\/tr>\n<tr class=\"row-7\">\n\t<td class=\"column-1\"><a href=\"http:\/\/lattes.cnpq.br\/6123144016999520\">Arielle Pinheiro Bessiatti Fava Oliveira<\/a><\/td><td class=\"column-2\">Valdirene Moreira Gomes<\/td><td class=\"column-3\">2023-02-16<\/td><td class=\"column-4\">UENF<\/td><td class=\"column-5\">UENF<\/td><td class=\"column-6\">Estudiante de doctorado<\/td><td class=\"column-7\">Biotecnolog\u00eda vegetal<\/td>\n<\/tr>\n<tr class=\"row-8\">\n\t<td class=\"column-1\"><a href=\"http:\/\/lattes.cnpq.br\/1153380990302147\">Barbara Masieiro Cunha<\/a><\/td><td class=\"column-2\">Katia Valevski Ventas Fernandes<\/td><td class=\"column-3\">2023-02-27<\/td><td class=\"column-4\">UENF<\/td><td class=\"column-5\">UENF<\/td><td class=\"column-6\">Estudiante de doctorado<\/td><td class=\"column-7\">Biotecnolog\u00eda vegetal<\/td>\n<\/tr>\n<tr class=\"row-9\">\n\t<td class=\"column-1\"><a href=\"http:\/\/lattes.cnpq.br\/4905237278826665\">Beatriz Elisa Barcelos Cyr\u00edaco<\/a><\/td><td class=\"column-2\">F\u00e1bio Lopes Olivares<\/td><td class=\"column-3\">2021-07-30<\/td><td class=\"column-4\">UENF<\/td><td class=\"column-5\">UENF<\/td><td class=\"column-6\">Estudiante de doctorado<\/td><td class=\"column-7\">Biotecnolog\u00eda vegetal<\/td>\n<\/tr>\n<tr class=\"row-10\">\n\t<td class=\"column-1\"><a href=\"http:\/\/lattes.cnpq.br\/7028224281568621\">Brena Gomes de Souza<\/a><\/td><td class=\"column-2\">Alessandro Coutinho Ramos<\/td><td class=\"column-3\">2022-03-28<\/td><td class=\"column-4\">UVV<\/td><td class=\"column-5\">UVV<\/td><td class=\"column-6\">Estudiante de doctorado<\/td><td class=\"column-7\">Biotecnolog\u00eda vegetal<\/td>\n<\/tr>\n<tr class=\"row-11\">\n\t<td class=\"column-1\"><a href=\"http:\/\/lattes.cnpq.br\/5259053035087538\">Bruna Sthefanie Paz de Souza<\/a><\/td><td class=\"column-2\">Aline Chaves Intorne<\/td><td class=\"column-3\">2025-07-17<\/td><td class=\"column-4\">UENF<\/td><td class=\"column-5\">UENF<\/td><td class=\"column-6\">Estudiante de doctorado<\/td><td class=\"column-7\"><\/td>\n<\/tr>\n<tr class=\"row-12\">\n\t<td class=\"column-1\"><a href=\"http:\/\/lattes.cnpq.br\/4052890622182205\">Carina da Silva Lagrimante Duarte<\/a><\/td><td class=\"column-2\">Olga Lima Tavares Machado<\/td><td class=\"column-3\">2026-02-24<\/td><td class=\"column-4\">UENF<\/td><td class=\"column-5\">--<\/td><td class=\"column-6\">--<\/td><td class=\"column-7\">--<\/td>\n<\/tr>\n<tr class=\"row-13\">\n\t<td class=\"column-1\"><a href=\"http:\/\/lattes.cnpq.br\/7424945500127374\">Carolina Paula Gouv\u00eaa de Souza<\/a><\/td><td class=\"column-2\">Christiane Mileib Vasconcelos<\/td><td class=\"column-3\">2020-07-31<\/td><td class=\"column-4\">UVV<\/td><td class=\"column-5\">UVV<\/td><td class=\"column-6\">Estudiante de doctorado<\/td><td class=\"column-7\">Biotecnolog\u00eda vegetal<\/td>\n<\/tr>\n<tr class=\"row-14\">\n\t<td class=\"column-1\"><a href=\"http:\/\/lattes.cnpq.br\/6838816708827392\">Caroline Ribeiro Pessanha Oporto<\/a><\/td><td class=\"column-2\">Olga Lima Tavares Machado<\/td><td class=\"column-3\">2018-11-29<\/td><td class=\"column-4\">UENF<\/td><td class=\"column-5\">Secretar\u00eda de Estado de Educaci\u00f3n (SEEDUC) - RJ<\/td><td class=\"column-6\">Conferenciante<\/td><td class=\"column-7\">Ciencias Biol\u00f3gicas<\/td>\n<\/tr>\n<tr class=\"row-15\">\n\t<td class=\"column-1\"><a href=\"http:\/\/lattes.cnpq.br\/6040096152440139\">Carolinne Regonini Carvalho<\/a><\/td><td class=\"column-2\">Tadeu Ugerre de Andrade<\/td><td class=\"column-3\">2023-01-30<\/td><td class=\"column-4\">UVV<\/td><td class=\"column-5\">--<\/td><td class=\"column-6\">Aut\u00f3noma<\/td><td class=\"column-7\">Nutricionista<\/td>\n<\/tr>\n<tr class=\"row-16\">\n\t<td class=\"column-1\"><a href=\"http:\/\/lattes.cnpq.br\/4835654359054274\">Clara Yohana Maia<\/a><\/td><td class=\"column-2\">Gon\u00e7alo Apolinario de Souza Filho<\/td><td class=\"column-3\">2021-05-11<\/td><td class=\"column-4\">UENF<\/td><td class=\"column-5\">Universidad McGill<\/td><td class=\"column-6\">Estudiante de doctorado<\/td><td class=\"column-7\">Ciencias vegetales<\/td>\n<\/tr>\n<tr class=\"row-17\">\n\t<td class=\"column-1\"><a href=\"http:\/\/lattes.cnpq.br\/0691100955087241\">Daniel Pessanha Ribeiro<\/a><\/td><td class=\"column-2\">Alessandro Coutinho Ramos<\/td><td class=\"column-3\">2021-12-07<\/td><td class=\"column-4\">UVV<\/td><td class=\"column-5\">FORTLEV<\/td><td class=\"column-6\">Analista de suministros<\/td><td class=\"column-7\">Biolog\u00eda alimentaria<\/td>\n<\/tr>\n<tr class=\"row-18\">\n\t<td class=\"column-1\"><a href=\"http:\/\/lattes.cnpq.br\/0465101329457025\">Daniele Cruz Grangeiro<\/a><\/td><td class=\"column-2\">Gon\u00e7alo Apolinario de Souza Filho<\/td><td class=\"column-3\">2025-02-27<\/td><td class=\"column-4\">UENF<\/td><td class=\"column-5\">UENF<\/td><td class=\"column-6\">Estudiante de doctorado<\/td><td class=\"column-7\">Biotecnolog\u00eda vegetal<\/td>\n<\/tr>\n<tr class=\"row-19\">\n\t<td class=\"column-1\"><a href=\"http:\/\/lattes.cnpq.br\/9965864214539821\">Danyelle Barbosa Mayrink Rodrigues<\/a><\/td><td class=\"column-2\">Gon\u00e7alo Apolinario de Souza Filho<\/td><td class=\"column-3\">2020-12-15<\/td><td class=\"column-4\">UENF<\/td><td class=\"column-5\">Symbiomics Microbiome Solutions AS<\/td><td class=\"column-6\">Especialista de laboratorio<\/td><td class=\"column-7\">Biotecnolog\u00eda vegetal<\/td>\n<\/tr>\n<tr class=\"row-20\">\n\t<td class=\"column-1\"><a href=\"http:\/\/lattes.cnpq.br\/8194288547037251\">Dayana Kelly Turquetti de Moraes<\/a><\/td><td class=\"column-2\">Thiago Motta Ven\u00e2ncio<\/td><td class=\"column-3\">2020-07-27<\/td><td class=\"column-4\">UENF<\/td><td class=\"column-5\">UENF<\/td><td class=\"column-6\">Doctor<\/td><td class=\"column-7\">Biotecnolog\u00eda vegetal<\/td>\n<\/tr>\n<tr class=\"row-21\">\n\t<td class=\"column-1\"><a href=\"http:\/\/lattes.cnpq.br\/3154680902304294\">D\u00e9bora Correia Santana<\/a><\/td><td class=\"column-2\">Christiane Mileib Vasconcelos<\/td><td class=\"column-3\">2021-07-28<\/td><td class=\"column-4\">UVV<\/td><td class=\"column-5\">UVV<\/td><td class=\"column-6\">Estudiante de doctorado<\/td><td class=\"column-7\">Biotecnolog\u00eda vegetal<\/td>\n<\/tr>\n<tr class=\"row-22\">\n\t<td class=\"column-1\"><a href=\"http:\/\/lattes.cnpq.br\/6492052239287614\">Diana Neres dos Santos<\/a><\/td><td class=\"column-2\">Maura da Cunha<\/td><td class=\"column-3\">2025-02-21<\/td><td class=\"column-4\">UENF<\/td><td class=\"column-5\">UENF<\/td><td class=\"column-6\">Estudiante de doctorado<\/td><td class=\"column-7\">Biociencias y biotecnolog\u00eda<\/td>\n<\/tr>\n<tr class=\"row-23\">\n\t<td class=\"column-1\"><a href=\"http:\/\/lattes.cnpq.br\/8225996325989621\">Diego David Astete Pe\u00f1a<\/a><\/td><td class=\"column-2\">Thiago Motta Ven\u00e2ncio<\/td><td class=\"column-3\">2026-02-24<\/td><td class=\"column-4\">UENF<\/td><td class=\"column-5\">--<\/td><td class=\"column-6\">--<\/td><td class=\"column-7\">--<\/td>\n<\/tr>\n<tr class=\"row-24\">\n\t<td class=\"column-1\"><a href=\"http:\/\/lattes.cnpq.br\/5470412464510184\">Edson Soares Stellet Mariano<\/a><\/td><td class=\"column-2\">Aline Chaves Intorne<\/td><td class=\"column-3\">2022-07-29<\/td><td class=\"column-4\">UENF<\/td><td class=\"column-5\">CEDERJ<\/td><td class=\"column-6\">Tutor in situ<\/td><td class=\"column-7\">Ciencias Biol\u00f3gicas<\/td>\n<\/tr>\n<tr class=\"row-25\">\n\t<td class=\"column-1\"><a href=\"http:\/\/lattes.cnpq.br\/1976906097803511\">Eduarda Ramos Contilho<\/a><\/td><td class=\"column-2\">Olga Lima Tavares Machado<\/td><td class=\"column-3\">2025-02-25<\/td><td class=\"column-4\">UENF<\/td><td class=\"column-5\">UENF<\/td><td class=\"column-6\">Estudiante de doctorado<\/td><td class=\"column-7\">Biotecnolog\u00eda vegetal<\/td>\n<\/tr>\n<tr class=\"row-26\">\n\t<td class=\"column-1\"><a href=\"http:\/\/lattes.cnpq.br\/3119358824056108\">Fabricio de Almeida Silva<\/a><\/td><td class=\"column-2\">Thiago Motta Venancio<\/td><td class=\"column-3\">2022-01-17<\/td><td class=\"column-4\">UENF<\/td><td class=\"column-5\">Universidad de Gante<\/td><td class=\"column-6\">Estudiante de doctorado<\/td><td class=\"column-7\">Bioinform\u00e1tica<\/td>\n<\/tr>\n<tr class=\"row-27\">\n\t<td class=\"column-1\"><a href=\"http:\/\/lattes.cnpq.br\/9835080069925453\">Felipe Cruz Paula<\/a><\/td><td class=\"column-2\">Clicia Grativol Gaspar<\/td><td class=\"column-3\">2024-02-29<\/td><td class=\"column-4\">UENF<\/td><td class=\"column-5\">UENF<\/td><td class=\"column-6\">Estudiante de doctorado<\/td><td class=\"column-7\">Biotecnolog\u00eda vegetal<\/td>\n<\/tr>\n<tr class=\"row-28\">\n\t<td class=\"column-1\"><a href=\"http:\/\/lattes.cnpq.br\/1571947801889116\">Franciane de Souza Pessanha<\/a><\/td><td class=\"column-2\">Clicia Grativol Gaspar<\/td><td class=\"column-3\">2026-02-23<\/td><td class=\"column-4\">UENF<br \/>\n<\/td><td class=\"column-5\">--<\/td><td class=\"column-6\">--<\/td><td class=\"column-7\">--<\/td>\n<\/tr>\n<tr class=\"row-29\">\n\t<td class=\"column-1\"><a href=\"http:\/\/lattes.cnpq.br\/8811121644495107\">Gabriel do Amaral Ferreira<\/a><\/td><td class=\"column-2\">Maura da Cunha<\/td><td class=\"column-3\">2018-11-29 <\/td><td class=\"column-4\">UENF<\/td><td class=\"column-5\">UERJ UENF<\/td><td class=\"column-6\">Doctor<\/td><td class=\"column-7\">Biolog\u00eda vegetal <br \/>\nBot\u00e1nica CEDERJ<\/td>\n<\/tr>\n<tr class=\"row-30\">\n\t<td class=\"column-1\"><a href=\"http:\/\/lattes.cnpq.br\/7249665309168835\">Gabriela Alves Brasil<\/a><\/td><td class=\"column-2\">Maura da Cunha<\/td><td class=\"column-3\">2024-03-18<\/td><td class=\"column-4\">UENF<\/td><td class=\"column-5\">UENF<\/td><td class=\"column-6\">Estudiante de doctorado<\/td><td class=\"column-7\">Biotecnolog\u00eda vegetal<\/td>\n<\/tr>\n<tr class=\"row-31\">\n\t<td class=\"column-1\"><a href=\"http:\/\/lattes.cnpq.br\/0393335647254859\">Gabriela Azevedo Alves Souza<\/a><\/td><td class=\"column-2\">F\u00e1bio Lopes Olivares<\/td><td class=\"column-3\">2024-07-31<\/td><td class=\"column-4\">UENF<\/td><td class=\"column-5\">UENF<\/td><td class=\"column-6\">Estudiante de doctorado<\/td><td class=\"column-7\">Biotecnolog\u00eda vegetal<\/td>\n<\/tr>\n<tr class=\"row-32\">\n\t<td class=\"column-1\"><a href=\"http:\/\/lattes.cnpq.br\/5519547872356302\">Geanderson dos Santos Rodrigues<\/a><\/td><td class=\"column-2\">Dominik Lenz<\/td><td class=\"column-3\">2019-08-15<\/td><td class=\"column-4\">UVV<\/td><td class=\"column-5\">SECTI\/ES<\/td><td class=\"column-6\">Coordinador Regional del Programa QualificarES<\/td><td class=\"column-7\">Gesti\u00f3n educativa y coordinaci\u00f3n acad\u00e9mica<\/td>\n<\/tr>\n<tr class=\"row-33\">\n\t<td class=\"column-1\"><a href=\"http:\/\/lattes.cnpq.br\/4238233770429828\">Geardson Willian da Silva Costa de Oliveira<\/a><\/td><td class=\"column-2\">Ary Gomes da Silva<\/td><td class=\"column-3\">2020-01-22<\/td><td class=\"column-4\">UVV<\/td><td class=\"column-5\">--<br \/>\n<\/td><td class=\"column-6\">--<\/td><td class=\"column-7\">No trabajar en la zona<\/td>\n<\/tr>\n<tr class=\"row-34\">\n\t<td class=\"column-1\"><a href=\"http:\/\/lattes.cnpq.br\/8307777284705759\">Geovanna Bastos Gallito<\/a><\/td><td class=\"column-2\">Antonia Elenir Amancio Oliveira<\/td><td class=\"column-3\">2023-02-16<\/td><td class=\"column-4\">UENF<\/td><td class=\"column-5\">Academia de Estudos-FOCO \/ Pre-Vestibular Social da Funda\u00e7\u00e3o CECIERJ<br \/>\n<\/td><td class=\"column-6\">Conferenciante<\/td><td class=\"column-7\">Tutor \/ Profesor de Ciencias y Ciencias Biol\u00f3gicas<br \/>\n<\/td>\n<\/tr>\n<tr class=\"row-35\">\n\t<td class=\"column-1\"><a href=\"http:\/\/lattes.cnpq.br\/3450601054519252\">Geovanna Vit\u00f3ria Olimpio de Paulo<\/a><\/td><td class=\"column-2\">Clicia Grativol Gaspar<\/td><td class=\"column-3\">2025-02-26<\/td><td class=\"column-4\">UENF<\/td><td class=\"column-5\">UFRJ<\/td><td class=\"column-6\">Estudiante de doctorado<\/td><td class=\"column-7\">Qu\u00edmica Biol\u00f3gica<\/td>\n<\/tr>\n<tr class=\"row-36\">\n\t<td class=\"column-1\"><a href=\"http:\/\/lattes.cnpq.br\/6776314524982802\">Glacielen Ribeiro de Souza<\/a><\/td><td class=\"column-2\">Aline Chaves Intorne<\/td><td class=\"column-3\">2021-02-24<\/td><td class=\"column-4\">UENF<\/td><td class=\"column-5\">UENF<\/td><td class=\"column-6\">Estudiante de doctorado<\/td><td class=\"column-7\">Biotecnolog\u00eda vegetal<\/td>\n<\/tr>\n<tr class=\"row-37\">\n\t<td class=\"column-1\"><a href=\"http:\/\/lattes.cnpq.br\/4423749565574704\">Guilherme Crespo da Silva <\/a><\/td><td class=\"column-2\">Erica de Oliveira Mello<\/td><td class=\"column-3\">2025-06-30<\/td><td class=\"column-4\">UENF<\/td><td class=\"column-5\">--<\/td><td class=\"column-6\">--<\/td><td class=\"column-7\">--<\/td>\n<\/tr>\n<tr class=\"row-38\">\n\t<td class=\"column-1\"><a href=\"http:\/\/lattes.cnpq.br\/5496174121341347\">Guilherme da Silva de Oliveira<\/a><\/td><td class=\"column-2\">Claudete Santa Catarina<\/td><td class=\"column-3\">2025-02-18<\/td><td class=\"column-4\">UENF<\/td><td class=\"column-5\">--<\/td><td class=\"column-6\">--<\/td><td class=\"column-7\">--<\/td>\n<\/tr>\n<tr class=\"row-39\">\n\t<td class=\"column-1\"><a href=\"http:\/\/lattes.cnpq.br\/1006747572527122\">H\u00e9ctor Julio Acho V\u00e1zquez<\/a><\/td><td class=\"column-2\">Thiago Motta Venancio<\/td><td class=\"column-3\">2026-02-25<\/td><td class=\"column-4\">UENF<\/td><td class=\"column-5\">UENF<\/td><td class=\"column-6\">Estudiante de doctorado<\/td><td class=\"column-7\">Biotecnolog\u00eda vegetal<\/td>\n<\/tr>\n<tr class=\"row-40\">\n\t<td class=\"column-1\"><a href=\"http:\/\/lattes.cnpq.br\/7762301473993038\">Isabella de Oliveira Pinheiro<\/a><\/td><td class=\"column-2\">Thiago Motta Venancio<\/td><td class=\"column-3\">2023-11-27<\/td><td class=\"column-4\">UENF<\/td><td class=\"column-5\">Escuela Municipal Rosemira de O Cavalcanti<\/td><td class=\"column-6\">Conferenciante<\/td><td class=\"column-7\">Ciencia<\/td>\n<\/tr>\n<tr class=\"row-41\">\n\t<td class=\"column-1\"><a href=\"http:\/\/lattes.cnpq.br\/4818386977777855\">Jacymara Lopes Pereira<\/a><\/td><td class=\"column-2\">Antonio Teixeira do Amaral Junior<\/td><td class=\"column-3\">2023-02-09<\/td><td class=\"column-4\">UENF<\/td><td class=\"column-5\">Biolog\u00eda sin complicaciones<\/td><td class=\"column-6\">Director del curso y conferenciante<\/td><td class=\"column-7\">Preparaci\u00f3n biol\u00f3gica para ENEM<\/td>\n<\/tr>\n<tr class=\"row-42\">\n\t<td class=\"column-1\"><a href=\"http:\/\/lattes.cnpq.br\/5518172324539685\">J\u00e9ssica Dias Rodrigues<\/a><\/td><td class=\"column-2\">Gon\u00e7alo Apolin\u00e1rio de Souza Filho<\/td><td class=\"column-3\">2023-10-26<\/td><td class=\"column-4\">UENF<\/td><td class=\"column-5\">BIOCONV<\/td><td class=\"column-6\">CEO de una startup<\/td><td class=\"column-7\">Biotecnolog\u00eda<\/td>\n<\/tr>\n<tr class=\"row-43\">\n\t<td class=\"column-1\"><a href=\"http:\/\/lattes.cnpq.br\/9731834219103544\"> J\u00e9ssica Luizi de Souza Andrade<\/a><\/td><td class=\"column-2\">Gon\u00e7alo Apolin\u00e1rio de Souza Filho<\/td><td class=\"column-3\">2024-03-15<\/td><td class=\"column-4\">UENF<\/td><td class=\"column-5\">UENF<\/td><td class=\"column-6\">Estudiante de doctorado<\/td><td class=\"column-7\">Biotecnolog\u00eda vegetal<\/td>\n<\/tr>\n<tr class=\"row-44\">\n\t<td class=\"column-1\"><a href=\"http:\/\/lattes.cnpq.br\/6743467397068608\">Jo\u00e3o Pedro Campos Matos<\/a><\/td><td class=\"column-2\">F\u00e1bio Lopes Olivares<\/td><td class=\"column-3\">2026-02-24<\/td><td class=\"column-4\">UENF<\/td><td class=\"column-5\">UENF<\/td><td class=\"column-6\">Estudiante de doctorado<\/td><td class=\"column-7\">Biotecnolog\u00eda vegetal<\/td>\n<\/tr>\n<tr class=\"row-45\">\n\t<td class=\"column-1\"><a href=\"http:\/\/lattes.cnpq.br\/3169724051011978\">Jo\u00e3o Vitor Paravidini de Souza<\/a><\/td><td class=\"column-2\">Eliemar Campostrini<\/td><td class=\"column-3\">2024-09-30<\/td><td class=\"column-4\">UENF<\/td><td class=\"column-5\">Universidad Cat\u00f3lica del Sagrado Coraz\u00f3n<\/td><td class=\"column-6\">Estudiante de doctorado<\/td><td class=\"column-7\">Agrosistema<\/td>\n<\/tr>\n<tr class=\"row-46\">\n\t<td class=\"column-1\"><a href=\"http:\/\/lattes.cnpq.br\/8211050859820397\">J\u00falia Oliveira Schueler<\/a><\/td><td class=\"column-2\">Claudete Santa Catarina<\/td><td class=\"column-3\">2024-07-22<\/td><td class=\"column-4\">UENF<\/td><td class=\"column-5\">UENF<\/td><td class=\"column-6\">Estudiante de doctorado<\/td><td class=\"column-7\">Biotecnolog\u00eda vegetal<\/td>\n<\/tr>\n<tr class=\"row-47\">\n\t<td class=\"column-1\"><a href=\"http:\/\/lattes.cnpq.br\/0801624360657585\">Juliana Couto Gava<\/a><\/td><td class=\"column-2\">Christiane Mileib Vasconcelos\t<\/td><td class=\"column-3\">2021-07-29<\/td><td class=\"column-4\">UVV<\/td><td class=\"column-5\">UVV y Cl\u00ednicaPrivada<\/td><td class=\"column-6\">Profesor (UVV) \/ Nutricionista<\/td><td class=\"column-7\">Preceptor de pr\u00e1cticas (UVV) \/ Nutricionista<\/td>\n<\/tr>\n<tr class=\"row-48\">\n\t<td class=\"column-1\"><a href=\"http:\/\/lattes.cnpq.br\/0468790275487742\">Juliana Lopes Moraes<\/a><\/td><td class=\"column-2\">Clicia Grativol Gaspar<\/td><td class=\"column-3\">2021-07-30<\/td><td class=\"column-4\">UENF<\/td><td class=\"column-5\">CEDERJ<br \/>\nCentro Educativo Bautista<\/td><td class=\"column-6\">Conferenciante<\/td><td class=\"column-7\">Biolog\u00eda celular, Bioqu\u00edmica, Biolog\u00eda general<br \/>\nCiencias Biol\u00f3gicas<\/td>\n<\/tr>\n<tr class=\"row-49\">\n\t<td class=\"column-1\"><a href=\"http:\/\/lattes.cnpq.br\/7251045980217391\">Jussara Tamires de Souza Silva Goulart<\/a><\/td><td class=\"column-2\">Aline Chaves Intorne<\/td><td class=\"column-3\">2019-07-31<\/td><td class=\"column-4\">UENF<\/td><td class=\"column-5\">UENF<\/td><td class=\"column-6\">Estudiante de doctorado<\/td><td class=\"column-7\">Biotecnolog\u00eda vegetal<\/td>\n<\/tr>\n<tr class=\"row-50\">\n\t<td class=\"column-1\"><a href=\"http:\/\/lattes.cnpq.br\/7336940551919516\">Kamila Pais de Vasconcelos<\/a><\/td><td class=\"column-2\">Alessandro Coutinho Ramos<\/td><td class=\"column-3\">2023-08-30<\/td><td class=\"column-4\">UVV<\/td><td class=\"column-5\">Cl\u00ednica privada<\/td><td class=\"column-6\">--<\/td><td class=\"column-7\">Nutricionista<\/td>\n<\/tr>\n<tr class=\"row-51\">\n\t<td class=\"column-1\"><a href=\"http:\/\/lattes.cnpq.br\/3706409723786754\">Kariny Marley de Castro Martins<\/a><\/td><td class=\"column-2\">Gon\u00e7alo Apolin\u00e1rio de Souza Filho<\/td><td class=\"column-3\">2024-02-23<\/td><td class=\"column-4\">UENF<\/td><td class=\"column-5\">UNICAMP<\/td><td class=\"column-6\">Estudiante de doctorado<\/td><td class=\"column-7\">Gen\u00e9tica y biolog\u00eda molecular<\/td>\n<\/tr>\n<tr class=\"row-52\">\n\t<td class=\"column-1\"><a href=\"http:\/\/lattes.cnpq.br\/6956261373881654\">Karla Barreto da Silva<\/a><\/td><td class=\"column-2\">Aline Chaves Intorne<\/td><td class=\"column-3\">2020-02-28<\/td><td class=\"column-4\">UENF<\/td><td class=\"column-5\">UENF<\/td><td class=\"column-6\">Estudiante de doctorado<\/td><td class=\"column-7\">Biociencias y biotecnolog\u00eda<\/td>\n<\/tr>\n<tr class=\"row-53\">\n\t<td class=\"column-1\"><a href=\"http:\/\/lattes.cnpq.br\/5691129301812356\">Katherine Yuli Ch\u00e1vez Ccajma<\/a><\/td><td class=\"column-2\">Claudete Santa Catarina<\/td><td class=\"column-3\">2026-02-23<\/td><td class=\"column-4\">UENF<\/td><td class=\"column-5\">UENF<\/td><td class=\"column-6\">Estudiante de doctorado<\/td><td class=\"column-7\">Biotecnolog\u00eda vegetal<\/td>\n<\/tr>\n<tr class=\"row-54\">\n\t<td class=\"column-1\"><a href=\"http:\/\/lattes.cnpq.br\/2584309184205593\">K\u00e9sia Dias dos Santos<\/a><\/td><td class=\"column-2\">Thiago Motta Ven\u00e2ncio<\/td><td class=\"column-3\">2020-07-28<\/td><td class=\"column-4\">UENF<\/td><td class=\"column-5\">UENF<\/td><td class=\"column-6\">Estudiante de doctorado<\/td><td class=\"column-7\">Biotecnolog\u00eda vegetal<\/td>\n<\/tr>\n<tr class=\"row-55\">\n\t<td class=\"column-1\"><a href=\"http:\/\/lattes.cnpq.br\/3332611796945528\">La\u00eds dos Santos da Concei\u00e7\u00e3o<\/a><\/td><td class=\"column-2\">Vanildo Silveira<\/td><td class=\"column-3\">2024-02-28<\/td><td class=\"column-4\">UENF<\/td><td class=\"column-5\">--<\/td><td class=\"column-6\">Aut\u00f3noma<\/td><td class=\"column-7\">No trabajar en la zona<\/td>\n<\/tr>\n<tr class=\"row-56\">\n\t<td class=\"column-1\"><a href=\"http:\/\/lattes.cnpq.br\/7906462097794158\">La\u00edse Trugilio Moreira Marinho<\/a><\/td><td class=\"column-2\">Claudete Santa Catarina<\/td><td class=\"column-3\">2025-02-17<\/td><td class=\"column-4\">UENF<\/td><td class=\"column-5\">UENF<\/td><td class=\"column-6\">Estudiante de doctorado<\/td><td class=\"column-7\">Biotecnolog\u00eda vegetal<\/td>\n<\/tr>\n<tr class=\"row-57\">\n\t<td class=\"column-1\"><a href=\"http:\/\/lattes.cnpq.br\/8157565758431412\">Laura Eliza de Oliveira Alves<\/a><\/td><td class=\"column-2\">Vanildo Silveira<\/td><td class=\"column-3\">2025-02-19<\/td><td class=\"column-4\">UENF<\/td><td class=\"column-5\">UENF<\/td><td class=\"column-6\">Estudiante de doctorado<\/td><td class=\"column-7\">Biotecnolog\u00eda vegetal<\/td>\n<\/tr>\n<tr class=\"row-58\">\n\t<td class=\"column-1\"><a href=\"http:\/\/lattes.cnpq.br\/4238171726738597\">Lidiane Pereira Merence Vidal<\/a><\/td><td class=\"column-2\">Ant\u00f4nia Elenir Amancio Oliveira<\/td><td class=\"column-3\">2025-02-26<\/td><td class=\"column-4\">UENF<\/td><td class=\"column-5\">UENF<\/td><td class=\"column-6\">Estudiante de doctorado<\/td><td class=\"column-7\">Biotecnolog\u00eda vegetal<\/td>\n<\/tr>\n<tr class=\"row-59\">\n\t<td class=\"column-1\"><a href=\"http:\/\/lattes.cnpq.br\/8854892436480155\">Luana dos Santos Nogueira<\/a><\/td><td class=\"column-2\">Marcio Fronza<\/td><td class=\"column-3\">2023-08-29<\/td><td class=\"column-4\">UVV<\/td><td class=\"column-5\">--<\/td><td class=\"column-6\">Aut\u00f3noma<\/td><td class=\"column-7\">Nutricionista<\/td>\n<\/tr>\n<tr class=\"row-60\">\n\t<td class=\"column-1\"><a href=\"http:\/\/lattes.cnpq.br\/2644373107770629\">Lucas Rodrigues Xavier<\/a><\/td><td class=\"column-2\">Vanildo Silveira<\/td><td class=\"column-3\">2021-07-29<\/td><td class=\"column-4\">UENF<\/td><td class=\"column-5\">UENF<\/td><td class=\"column-6\">Estudiante de doctorado<\/td><td class=\"column-7\">Biotecnolog\u00eda vegetal<\/td>\n<\/tr>\n<tr class=\"row-61\">\n\t<td class=\"column-1\"><a href=\"http:\/\/lattes.cnpq.br\/7808591589321721\">Luiz Eduardo Souza da Silva Irineu<\/a><\/td><td class=\"column-2\">Fabio Lopes Olivares<\/td><td class=\"column-3\">2018-11-30<\/td><td class=\"column-4\">UENF<\/td><td class=\"column-5\">UENF<\/td><td class=\"column-6\">Estudiante de doctorado<\/td><td class=\"column-7\">Biotecnolog\u00eda vegetal<\/td>\n<\/tr>\n<tr class=\"row-62\">\n\t<td class=\"column-1\"><a href=\"http:\/\/lattes.cnpq.br\/5089698228561759\">Lyvia de Moraes Lobato<\/a><\/td><td class=\"column-2\">Alessandro Coutinho Ramos<\/td><td class=\"column-3\">2024-10-30<\/td><td class=\"column-4\">UVV<\/td><td class=\"column-5\"> CAPAAC - Centro de Atenci\u00f3n Psiqui\u00e1trica Aristides Alexandre Campos<\/td><td class=\"column-6\">Farmac\u00e9utico<\/td><td class=\"column-7\">Farmac\u00e9utico<\/td>\n<\/tr>\n<tr class=\"row-63\">\n\t<td class=\"column-1\"><a href=\"http:\/\/lattes.cnpq.br\/9125063747980371\">Marcela Rezende Cordeiro<\/a><\/td><td class=\"column-2\">Maura da Cunha<\/td><td class=\"column-3\">2023-07-28<\/td><td class=\"column-4\">UENF<\/td><td class=\"column-5\">UENF<\/td><td class=\"column-6\">Estudiante de doctorado<\/td><td class=\"column-7\">Biotecnolog\u00eda vegetal<\/td>\n<\/tr>\n<tr class=\"row-64\">\n\t<td class=\"column-1\"><a href=\"http:\/\/lattes.cnpq.br\/7884198951131461\">Marcia Caetano<\/a><\/td><td class=\"column-2\">F\u00e1bio Lopes Olivares   <\/td><td class=\"column-3\">2022-03-11<\/td><td class=\"column-4\">UENF<\/td><td class=\"column-5\">Externato Jo\u00e3o XXIII \/ Centro Educacional de Campos \/ Escola Municipal Cl\u00f3vis Tavares<br \/>\n<\/td><td class=\"column-6\">Conferenciante<br \/>\n<\/td><td class=\"column-7\">Ciencias Biol\u00f3gicas \/ Ciencias<\/td>\n<\/tr>\n<tr class=\"row-65\">\n\t<td class=\"column-1\"><a href=\"http:\/\/lattes.cnpq.br\/9774723917371452\">Marcos Ant\u00f4nio Ferraz dos Anjos J\u00fanior<\/a><\/td><td class=\"column-2\">Marcelo da Silva Moretti\t<\/td><td class=\"column-3\">2022-08-30<\/td><td class=\"column-4\">UVV<\/td><td class=\"column-5\">--<\/td><td class=\"column-6\">Comerciales<\/td><td class=\"column-7\">No trabajar en la zona<\/td>\n<\/tr>\n<tr class=\"row-66\">\n\t<td class=\"column-1\"><a href=\"http:\/\/lattes.cnpq.br\/7755112733720710\">Mar\u00eda Beatriz Fraga Costa<\/a><\/td><td class=\"column-2\">Dominik Lenz<\/td><td class=\"column-3\">2019-08-15<\/td><td class=\"column-4\">UVV<\/td><td class=\"column-5\">UVV<\/td><td class=\"column-6\">Estudiante de doctorado<\/td><td class=\"column-7\">Biotecnolog\u00eda vegetal<\/td>\n<\/tr>\n<tr class=\"row-67\">\n\t<td class=\"column-1\"><a href=\"http:\/\/lattes.cnpq.br\/3616725778073846\">Mariana Carvalho de Lima Aguieiras<\/a><\/td><td class=\"column-2\">Valdirene Moreira Gomes<\/td><td class=\"column-3\">2022-05-30<\/td><td class=\"column-4\">UENF<\/td><td class=\"column-5\">Instituto de Medio Ambiente y Recursos H\u00eddricos<\/td><td class=\"column-6\"> Analista de procesos<\/td><td class=\"column-7\">Legislaci\u00f3n medioambiental<\/td>\n<\/tr>\n<tr class=\"row-68\">\n\t<td class=\"column-1\"><a href=\"http:\/\/lattes.cnpq.br\/2645520664925842\">Mariana Freitas de Souza<\/a><\/td><td class=\"column-2\">F\u00e1bio Lopes Olivares<\/td><td class=\"column-3\">2020-02-28<\/td><td class=\"column-4\">UENF<\/td><td class=\"column-5\">UENF<\/td><td class=\"column-6\">Becario de Desarrollo Tecnol\u00f3gico Industrial (DTI)<\/td><td class=\"column-7\">Biogeoqu\u00edmica\/ Ecotoxicolog\u00eda<\/td>\n<\/tr>\n<tr class=\"row-69\">\n\t<td class=\"column-1\"><a href=\"http:\/\/lattes.cnpq.br\/7847525152549976\">Mariana Magalh\u00e3es Marchesi Ribeiro Celestino<\/a><\/td><td class=\"column-2\">Marcio Fronza<\/td><td class=\"column-3\">2023-10-26<\/td><td class=\"column-4\">UVV<\/td><td class=\"column-5\">UVV<\/td><td class=\"column-6\">Estudiante de doctorado<\/td><td class=\"column-7\">Biotecnolog\u00eda vegetal<\/td>\n<\/tr>\n<tr class=\"row-70\">\n\t<td class=\"column-1\"><a href=\"http:\/\/lattes.cnpq.br\/2979464373453750\">Maritza Cerqueira Teixeira Netto<\/a><\/td><td class=\"column-2\">Christiane Mileib Vasconcelos<\/td><td class=\"column-3\">2025-02-20<\/td><td class=\"column-4\">UVV<\/td><td class=\"column-5\">UVV<\/td><td class=\"column-6\">Estudiante de doctorado<\/td><td class=\"column-7\">Biotecnolog\u00eda vegetal<\/td>\n<\/tr>\n<tr class=\"row-71\">\n\t<td class=\"column-1\"><a href=\"http:\/\/lattes.cnpq.br\/8024405064200261\">Matheus Campos dos Santos<\/a><\/td><td class=\"column-2\">Rodrigo Scherer<\/td><td class=\"column-3\">2022-02-24<\/td><td class=\"column-4\">UVV<\/td><td class=\"column-5\">UVV<\/td><td class=\"column-6\">Estudiante de doctorado<\/td><td class=\"column-7\">Biotecnolog\u00eda vegetal<\/td>\n<\/tr>\n<tr class=\"row-72\">\n\t<td class=\"column-1\"><a href=\"http:\/\/lattes.cnpq.br\/1253839321723001\">Moara Cardoso de Freitas<\/a><\/td><td class=\"column-2\">Aline Chaves Intorne<\/td><td class=\"column-3\">2022-02-24<\/td><td class=\"column-4\">UENF<\/td><td class=\"column-5\">PROLAGOS\/AEGEA<\/td><td class=\"column-6\">Analista de laboratorio de efluentes<\/td><td class=\"column-7\">Tratamiento de aguas y aguas residuales-Control de calidad<\/td>\n<\/tr>\n<tr class=\"row-73\">\n\t<td class=\"column-1\"><a href=\"http:\/\/lattes.cnpq.br\/3340091251004189\">Monique de Souza Santos<\/a><\/td><td class=\"column-2\">Antonio Teixeira do Amaral Junior<\/td><td class=\"column-3\">2024-07-19<\/td><td class=\"column-4\">UENF<\/td><td class=\"column-5\">UENF<\/td><td class=\"column-6\">Estudiante de doctorado<\/td><td class=\"column-7\">Biotecnolog\u00eda vegetal<\/td>\n<\/tr>\n<tr class=\"row-74\">\n\t<td class=\"column-1\"><a href=\"http:\/\/lattes.cnpq.br\/0537673589188705\">Nataly da Silva Duarte<\/a><\/td><td class=\"column-2\">Maura da Cunha<\/td><td class=\"column-3\">2026-03-06<\/td><td class=\"column-4\">UENF<\/td><td class=\"column-5\">--<\/td><td class=\"column-6\">--<\/td><td class=\"column-7\">--<\/td>\n<\/tr>\n<tr class=\"row-75\">\n\t<td class=\"column-1\"><a href=\"http:\/\/lattes.cnpq.br\/1943737999748868\">Pollyara Furtado Campos<\/a><\/td><td class=\"column-2\">Claudete Santa Catarina<\/td><td class=\"column-3\">2019-03-27<\/td><td class=\"column-4\">UENF<\/td><td class=\"column-5\">--<\/td><td class=\"column-6\">--<\/td><td class=\"column-7\">Sin relaci\u00f3n<\/td>\n<\/tr>\n<tr class=\"row-76\">\n\t<td class=\"column-1\"><a href=\"http:\/\/lattes.cnpq.br\/7305902055812762\">Rafael Tavares Rocha<\/a><\/td><td class=\"column-2\">Gon\u00e7alo Apolin\u00e1rio de Souza Filho<\/td><td class=\"column-3\">2022-02-24<\/td><td class=\"column-4\">UENF<\/td><td class=\"column-5\">UENF<\/td><td class=\"column-6\">Estudiante de doctorado<\/td><td class=\"column-7\">Biotecnolog\u00eda vegetal<\/td>\n<\/tr>\n<tr class=\"row-77\">\n\t<td class=\"column-1\"><a href=\"http:\/\/lattes.cnpq.br\/5432090648096480\">Raquel de Souza Braga Silva<\/a><\/td><td class=\"column-2\">Olga Lima Tavares Machado<\/td><td class=\"column-3\">2020-02-28<\/td><td class=\"column-4\">UENF<\/td><td class=\"column-5\">UENF<\/td><td class=\"column-6\">Estudiante de doctorado<\/td><td class=\"column-7\">Biotecnolog\u00eda vegetal<\/td>\n<\/tr>\n<tr class=\"row-78\">\n\t<td class=\"column-1\"><a href=\"http:\/\/lattes.cnpq.br\/5293763282399066\">Renata Pegoral Am\u00e9lia<\/a><\/td><td class=\"column-2\">Maura da Cunha<\/td><td class=\"column-3\">2019-03-29<\/td><td class=\"column-4\">UENF<\/td><td class=\"column-5\">UERJ<\/td><td class=\"column-6\">Estudiante de doctorado<\/td><td class=\"column-7\">Biolog\u00eda vegetal<\/td>\n<\/tr>\n<tr class=\"row-79\">\n\t<td class=\"column-1\"><a href=\"http:\/\/lattes.cnpq.br\/2216322003710780\">Roberta Bessa da Silva<\/a><\/td><td class=\"column-2\">Antonia Elenir Amancio Oliveira<\/td><td class=\"column-3\">2022-02-16<\/td><td class=\"column-4\">UENF<\/td><td class=\"column-5\">UENF<\/td><td class=\"column-6\">Estudiante de doctorado<\/td><td class=\"column-7\">Biotecnolog\u00eda vegetal<\/td>\n<\/tr>\n<tr class=\"row-80\">\n\t<td class=\"column-1\"><a href=\"http:\/\/lattes.cnpq.br\/6730180052794716\">Rosimeire Barboza Bispo<\/a><\/td><td class=\"column-2\">Antonio Teixeira do Amaral Junior<\/td><td class=\"column-3\">2020-02-17<\/td><td class=\"column-4\">UENF<\/td><td class=\"column-5\">UENF<\/td><td class=\"column-6\">Estudiante de doctorado<\/td><td class=\"column-7\">Gen\u00e9tica y mejora vegetal<\/td>\n<\/tr>\n<tr class=\"row-81\">\n\t<td class=\"column-1\"><a href=\"http:\/\/lattes.cnpq.br\/1441754482093714\">Samara Linhares Pereira<\/a><\/td><td class=\"column-2\">Claudete Santa Catarina<\/td><td class=\"column-3\">2025-07-21<\/td><td class=\"column-4\">UENF<\/td><td class=\"column-5\">UENF<\/td><td class=\"column-6\">Estudiante de doctorado<\/td><td class=\"column-7\">Biotecnolog\u00eda vegetal<\/td>\n<\/tr>\n<tr class=\"row-82\">\n\t<td class=\"column-1\"><a href=\"http:\/\/lattes.cnpq.br\/1951837094404245\">Samuel Pereira da Silva <\/a><\/td><td class=\"column-2\">Ant\u00f4nio Teixeira do Amaral<\/td><td class=\"column-3\">2026-02-11<\/td><td class=\"column-4\">UENF<\/td><td class=\"column-5\">UENF<\/td><td class=\"column-6\">Estudiante de doctorado<\/td><td class=\"column-7\">Biotecnolog\u00eda vegetal<\/td>\n<\/tr>\n<tr class=\"row-83\">\n\t<td class=\"column-1\"><a href=\"http:\/\/lattes.cnpq.br\/3698401997021991\">Samuel Salom\u00e3o Silva de Oliveira<\/a><\/td><td class=\"column-2\">Valdirene Moreira Gomes<\/td><td class=\"column-3\">2025-02-24<\/td><td class=\"column-4\">UENF<\/td><td class=\"column-5\">UENF<\/td><td class=\"column-6\">Estudiante de doctorado<\/td><td class=\"column-7\">Biotecnolog\u00eda vegetal<\/td>\n<\/tr>\n<tr class=\"row-84\">\n\t<td class=\"column-1\"><a href=\"http:\/\/lattes.cnpq.br\/1970002901558915\">Sarah Henaut Jacobs<\/a><\/td><td class=\"column-2\">Thiago Motta Ven\u00e2ncio<\/td><td class=\"column-3\">2024-02-20<\/td><td class=\"column-4\">UENF<\/td><td class=\"column-5\">UENF<br \/>\n<\/td><td class=\"column-6\">Estudiante de doctorado<\/td><td class=\"column-7\">Biotecnolog\u00eda vegetal<\/td>\n<\/tr>\n<tr class=\"row-85\">\n\t<td class=\"column-1\"><a href=\"http:\/\/lattes.cnpq.br\/7772141505817980\">Lyvia Brahim Valis Matos Ucelli<\/a><\/td><td class=\"column-2\">Denise Coutinho Endriger<\/td><td class=\"column-3\">2025-08-25<\/td><td class=\"column-4\">UVV<\/td><td class=\"column-5\">--<\/td><td class=\"column-6\">--<\/td><td class=\"column-7\">--<\/td>\n<\/tr>\n<tr class=\"row-86\">\n\t<td class=\"column-1\"><a href=\"http:\/\/lattes.cnpq.br\/0025263410739475\">Michele WAgemacher<\/a><a href=\"http:\/\/lattes.cnpq.br\/0025263410739475\">Michele Wagemacher<\/a><\/td><td class=\"column-2\">Christiane Mileib Vasconcelos<\/td><td class=\"column-3\">2025-07-30<\/td><td class=\"column-4\">UVV<\/td><td class=\"column-5\">--<\/td><td class=\"column-6\">--<\/td><td class=\"column-7\">--<\/td>\n<\/tr>\n<tr class=\"row-87\">\n\t<td class=\"column-1\"><a href=\"http:\/\/lattes.cnpq.br\/0801790948769589\">Schirley Alves de Freitas Strafacci Pevidor de Barros<\/a><\/td><td class=\"column-2\">Rodrigo Scherer<\/td><td class=\"column-3\">2025-01-31<\/td><td class=\"column-4\">UVV<\/td><td class=\"column-5\">--<\/td><td class=\"column-6\">--<\/td><td class=\"column-7\">--<\/td>\n<\/tr>\n<tr class=\"row-88\">\n\t<td class=\"column-1\"><a href=\"http:\/\/lattes.cnpq.br\/0240579835737253\">Tatiana de Morais Lodi<\/a><\/td><td class=\"column-2\">Olga Lima Tavares Machado<\/td><td class=\"column-3\">2018-11-27<\/td><td class=\"column-4\">UENF<\/td><td class=\"column-5\">UENF<\/td><td class=\"column-6\">Estudiante de doctorado<\/td><td class=\"column-7\">Biociencias y biotecnolog\u00eda<\/td>\n<\/tr>\n<tr class=\"row-89\">\n\t<td class=\"column-1\"><a href=\"http:\/\/lattes.cnpq.br\/3748622724912243\">Thatiana Aparecida Xavier Borges<\/a><\/td><td class=\"column-2\">Gon\u00e7alo Apolin\u00e1rio de Souza Filho<\/td><td class=\"column-3\">2026-02-27<\/td><td class=\"column-4\">UENF<\/td><td class=\"column-5\">--<\/td><td class=\"column-6\">--<\/td><td class=\"column-7\">--<\/td>\n<\/tr>\n<tr class=\"row-90\">\n\t<td class=\"column-1\"><a href=\"http:\/\/lattes.cnpq.br\/9560313870622716\">Thayn\u00e3 Amanda Melo Souza<\/a><\/td><td class=\"column-2\">Valdirene Moreira Gomes<\/td><td class=\"column-3\">2020-07-30<\/td><td class=\"column-4\">UENF<\/td><td class=\"column-5\">UENF<\/td><td class=\"column-6\">Estudiante de doctorado<\/td><td class=\"column-7\">Biotecnolog\u00eda vegetal<\/td>\n<\/tr>\n<tr class=\"row-91\">\n\t<td class=\"column-1\"><a href=\"http:\/\/lattes.cnpq.br\/1032747045758720\">Thaynara da Silva Costa<\/a><\/td><td class=\"column-2\">Christiane Mileib Vasconcelos<\/td><td class=\"column-3\">2022-08-30<\/td><td class=\"column-4\">UVV<\/td><td class=\"column-5\">Tecnolog\u00eda Motora<\/td><td class=\"column-6\">Operador del centro de control<\/td><td class=\"column-7\">Tecnolog\u00eda<\/td>\n<\/tr>\n<tr class=\"row-92\">\n\t<td class=\"column-1\"><a href=\"http:\/\/lattes.cnpq.br\/6230940723952334\">Ueliton Alves de Oliveira<\/a><\/td><td class=\"column-2\">Antonio Teixeira do Amaral Junior<\/td><td class=\"column-3\">2021-02-23<\/td><td class=\"column-4\">UENF<\/td><td class=\"column-5\">UENF<\/td><td class=\"column-6\">Estudiante de doctorado<\/td><td class=\"column-7\">Biotecnolog\u00eda vegetal<\/td>\n<\/tr>\n<tr class=\"row-93\">\n\t<td class=\"column-1\"><a href=\"http:\/\/lattes.cnpq.br\/7556319350001364\">Walaci da Silva Santos<\/a><\/td><td class=\"column-2\">Clicia Grativol Gaspar<\/td><td class=\"column-3\">2020-02-14<\/td><td class=\"column-4\">UENF<\/td><td class=\"column-5\">UENF<\/td><td class=\"column-6\">Estudiante de doctorado<\/td><td class=\"column-7\">Biotecnolog\u00eda vegetal<\/td>\n<\/tr>\n<\/tbody>\n<\/table>\n<!-- #tablepress-18 from cache --><\/div><\/div><\/div><div id=\"egressos-dsc\" class=\"container-fluid\"><h3><strong>Doctorados<\/strong><\/h3><div class=\"datagrid\"><div>\n<table id=\"tablepress-33\" class=\"tablepress tablepress-id-33\">\n<thead>\n<tr class=\"row-1\">\n\t<th class=\"column-1\">Nombre<\/th><th class=\"column-2\">Director<\/th><th class=\"column-3\">Fecha de la defensa<\/th><th class=\"column-4\">IES PGBV<\/th><th class=\"column-5\">Instituci\u00f3n ACTUAL<\/th><th class=\"column-6\">Cargo\/Funci\u00f3n<\/th><th class=\"column-7\">\u00c1rea de Actuaci\u00f3n<\/th>\n<\/tr>\n<\/thead>\n<tbody class=\"row-striping row-hover\">\n<tr class=\"row-2\">\n\t<td class=\"column-1\"><a href=\"http:\/\/lattes.cnpq.br\/2730360452410863\">Aline da Gama Melila Licurgo<\/a><\/td><td class=\"column-2\">Ant\u00f4nia Elenir Amancio Oliveira<\/td><td class=\"column-3\">29\/08\/2025<\/td><td class=\"column-4\">UENF<\/td><td class=\"column-5\">UENF<\/td><td class=\"column-6\">--<\/td><td class=\"column-7\">--<\/td>\n<\/tr>\n<tr class=\"row-3\">\n\t<td class=\"column-1\"><a href=\"http:\/\/lattes.cnpq.br\/1727833753637295\">Ant\u00f4nio Domingos de Souza Junior<\/a><\/td><td class=\"column-2\">Marcio Fronza<\/td><td class=\"column-3\">31\/06\/2025<\/td><td class=\"column-4\">UVV<\/td><td class=\"column-5\">--<\/td><td class=\"column-6\">--<\/td><td class=\"column-7\">--<\/td>\n<\/tr>\n<tr class=\"row-4\">\n\t<td class=\"column-1\"><a href=\"http:\/\/lattes.cnpq.br\/5464324370816979\">Amanda L\u00facia Pereira Machado da Silva<\/a><\/td><td class=\"column-2\">Eliemar Campostrini<\/td><td class=\"column-3\">01\/07\/2025<\/td><td class=\"column-4\">UENF<\/td><td class=\"column-5\">--<\/td><td class=\"column-6\">--<\/td><td class=\"column-7\">--<\/td>\n<\/tr>\n<tr class=\"row-5\">\n\t<td class=\"column-1\"><a href=\"http:\/\/lattes.cnpq.br\/6089740812987630\">Ana Carolina Bianco Gomes<\/a><\/td><td class=\"column-2\">Denise Coutinho Endringer<\/td><td class=\"column-3\">2024-07-29<\/td><td class=\"column-4\">UVV<\/td><td class=\"column-5\">Hospital de transici\u00f3n<\/td><td class=\"column-6\">Nutricionista<\/td><td class=\"column-7\">Nutricionista cl\u00ednico hospitalario<\/td>\n<\/tr>\n<tr class=\"row-6\">\n\t<td class=\"column-1\"><a href=\"http:\/\/lattes.cnpq.br\/8149331546624028\">Analizar Villanueva Gaete<\/a><\/td><td class=\"column-2\">Aline Chaves Intorne<\/td><td class=\"column-3\">2025-02-18<\/td><td class=\"column-4\">UENF<\/td><td class=\"column-5\">--<\/td><td class=\"column-6\">--<\/td><td class=\"column-7\">Sin relaci\u00f3n<\/td>\n<\/tr>\n<tr class=\"row-7\">\n\t<td class=\"column-1\"><a href=\"http:\/\/lattes.cnpq.br\/4905237278826665\">Beatriz Elisa Barcelos Cyriaco <\/a><\/td><td class=\"column-2\">F\u00e1bio Lopes Olivares<\/td><td class=\"column-3\">2025-10-30<\/td><td class=\"column-4\">UENF<\/td><td class=\"column-5\">--<\/td><td class=\"column-6\">--<\/td><td class=\"column-7\">--<\/td>\n<\/tr>\n<tr class=\"row-8\">\n\t<td class=\"column-1\"><a href=\"http:\/\/lattes.cnpq.br\/7424945500127374\">Carolina Paula Gouv\u00eaa de Souza<\/a><\/td><td class=\"column-2\">Christiane Mileib Vasconcelos<\/td><td class=\"column-3\">2025-01-30<\/td><td class=\"column-4\">UVV<\/td><td class=\"column-5\">Consejo Regional de Nutrici\u00f3n CRN4 \/ UVV \/ Instituto de Ense\u00f1anza Humboldt<\/td><td class=\"column-6\">Nutricionista<\/td><td class=\"column-7\">Consejero \/ Preceptor en nutrici\u00f3n cl\u00ednica y hospitalaria \/ Profesor de nutrici\u00f3n<\/td>\n<\/tr>\n<tr class=\"row-9\">\n\t<td class=\"column-1\"><a href=\"http:\/\/lattes.cnpq.br\/9687387335469792\">Clarisse M\u00e1ximo Arpini<\/a><\/td><td class=\"column-2\">Alessandro Coutinho Ramos<\/td><td class=\"column-3\">2023-07-28<\/td><td class=\"column-4\">UVV<\/td><td class=\"column-5\">Empresa DGOn1 \/ Colegio Multivix<\/td><td class=\"column-6\">Investigador \/ Profesor<\/td><td class=\"column-7\">Biotecnolog\u00eda aplicada a la salud<\/td>\n<\/tr>\n<tr class=\"row-10\">\n\t<td class=\"column-1\"><a href=\"http:\/\/lattes.cnpq.br\/5083741702934597\">Cristiane Lyrio da Silva<\/a><\/td><td class=\"column-2\">Tadeu Uggere de Andrade<\/td><td class=\"column-3\">2025-02-28<\/td><td class=\"column-4\">UVV<\/td><td class=\"column-5\">--<\/td><td class=\"column-6\">--<\/td><td class=\"column-7\">--<\/td>\n<\/tr>\n<tr class=\"row-11\">\n\t<td class=\"column-1\"><a href=\"http:\/\/lattes.cnpq.br\/9237380866573852\">Daniele Alves Marinho<\/a><\/td><td class=\"column-2\">Rodrigo Scherer<\/td><td class=\"column-3\">2023-01-31<\/td><td class=\"column-4\">UVV<\/td><td class=\"column-5\">IFES - Campus de Guarapari<\/td><td class=\"column-6\">Conferenciante<\/td><td class=\"column-7\">Ecolog\u00eda (Ecotoxilog\u00eda), Biolog\u00eda General (Biotecnolog\u00eda Vegetal) y Educaci\u00f3n<\/td>\n<\/tr>\n<tr class=\"row-12\">\n\t<td class=\"column-1\"><a href=\"http:\/\/lattes.cnpq.br\/8194288547037251\">Dayana Kelly Turquetti de Moraes<\/a><\/td><td class=\"column-2\">Thiago Motta Ven\u00e2ncio<\/td><td class=\"column-3\">2024-07-22<\/td><td class=\"column-4\">UENF<\/td><td class=\"column-5\">UENF<\/td><td class=\"column-6\">Becario Postdoctoral Voluntario \/ Becario de Desarrollo Tecnol\u00f3gico Industrial CNPq - Nivel A<\/td><td class=\"column-7\">Biotecnolog\u00eda vegetal \/ Bioinform\u00e1tica<\/td>\n<\/tr>\n<tr class=\"row-13\">\n\t<td class=\"column-1\"><a href=\"http:\/\/lattes.cnpq.br\/7848770663152019\">Fabricio Brum Machado<\/a><\/td><td class=\"column-2\">Thiago Motta Ven\u00e2ncio<\/td><td class=\"column-3\">2020-12-17<\/td><td class=\"column-4\">UENF<\/td><td class=\"column-5\">Escuela Estatal Santa Cec\u00edlia\/ES- Escuela <br \/>\n Escuela Estatal Rebelde Nelson Pereira - Red de Educaci\u00f3n en Travess\u00e3o - Campos dos Goytacazes\/RJ<\/td><td class=\"column-6\">Profesor contratado-Escuela Primaria II\/Profesor contratado<\/td><td class=\"column-7\">Biolog\u00eda<\/td>\n<\/tr>\n<tr class=\"row-14\">\n\t<td class=\"column-1\"><a href=\"http:\/\/lattes.cnpq.br\/6834427626174990\">Felipe Astolpho de Almeida<\/a><\/td><td class=\"column-2\">Vanildo Silveira<\/td><td class=\"column-3\">2020-12-16<\/td><td class=\"column-4\">UENF<\/td><td class=\"column-5\">UENF<\/td><td class=\"column-6\">Conferenciante<\/td><td class=\"column-7\">Biotecnolog\u00eda vegetal \/ Bioqu\u00edmica \/ Bioinform\u00e1tica<\/td>\n<\/tr>\n<tr class=\"row-15\">\n\t<td class=\"column-1\"><a href=\"http:\/\/lattes.cnpq.br\/2110898840492952\">Fernanda Senna Ferreira Costa<\/a><\/td><td class=\"column-2\">Alessandro Coutinho Ramos<\/td><td class=\"column-3\">2023-12-19<\/td><td class=\"column-4\">UVV<\/td><td class=\"column-5\">FAESA<\/td><td class=\"column-6\">Analista de Investigaci\u00f3n y Extensi\u00f3n<\/td><td class=\"column-7\">Analista de Investigaci\u00f3n y Extensi\u00f3n<\/td>\n<\/tr>\n<tr class=\"row-16\">\n\t<td class=\"column-1\"><a href=\"http:\/\/lattes.cnpq.br\/0107213052692969\">Fernando Fontes Barcelos<\/a><\/td><td class=\"column-2\">Rodrigo Scherer<\/td><td class=\"column-3\">2022-02-25<\/td><td class=\"column-4\">UVV<\/td><td class=\"column-5\">UVV<\/td><td class=\"column-6\">Conferenciante<\/td><td class=\"column-7\">Biotecnolog\u00eda - \u00e1rea de salud<\/td>\n<\/tr>\n<tr class=\"row-17\">\n\t<td class=\"column-1\"><a href=\"http:\/\/lattes.cnpq.br\/0719713939420528\">Gabriella Rodrigues Gon\u00e7alves<\/a><\/td><td class=\"column-2\">Valdirene Moreira Gomes<\/td><td class=\"column-3\">2024-03-20<\/td><td class=\"column-4\">UENF<\/td><td class=\"column-5\">UENF<\/td><td class=\"column-6\">Nuevo m\u00e9dico PGBV<\/td><td class=\"column-7\">Mejora gen\u00e9tica del ma\u00edz palomero<\/td>\n<\/tr>\n<tr class=\"row-18\">\n\t<td class=\"column-1\"><a href=\"http:\/\/lattes.cnpq.br\/6776314524982802\">Glacielen Ribeiro de Souza<\/a><\/td><td class=\"column-2\">Aline Chaves Intorne<\/td><td class=\"column-3\">2025-02-24<\/td><td class=\"column-4\">UENF<\/td><td class=\"column-5\">--<\/td><td class=\"column-6\">--<\/td><td class=\"column-7\">Sin relaci\u00f3n<\/td>\n<\/tr>\n<tr class=\"row-19\">\n\t<td class=\"column-1\"><a href=\"http:\/\/lattes.cnpq.br\/6851570897508319\">I\u00eada Carneiro Kalil<\/a><\/td><td class=\"column-2\">Tadeu Uggere de Andrade<\/td><td class=\"column-3\">2021-12-17<\/td><td class=\"column-4\">UVV<\/td><td class=\"column-5\">UVV<\/td><td class=\"column-6\">Conferenciante<\/td><td class=\"column-7\">Biotecnolog\u00eda - \u00e1rea de salud<\/td>\n<\/tr>\n<tr class=\"row-20\">\n\t<td class=\"column-1\"><a href=\"http:\/\/lattes.cnpq.br\/2782301070594651\">Julia Rosa Moreira<\/a><\/td><td class=\"column-2\">Gon\u00e7alo Apolin\u00e1rio de Souza Filho<\/td><td class=\"column-3\">2022-02-28<\/td><td class=\"column-4\">UENF<\/td><td class=\"column-5\">iMicro-Biotech<\/td><td class=\"column-6\">CEO( la startup desarrolla tecnolog\u00eda innovadora y sostenible para la agricultura)<\/td><td class=\"column-7\">Microbiolog\u00eda aplicada a la agricultura<\/td>\n<\/tr>\n<tr class=\"row-21\">\n\t<td class=\"column-1\"><a href=\"http:\/\/lattes.cnpq.br\/7251045980217391\">Jussara Tamires de Souza Silva Goulart<\/a><\/td><td class=\"column-2\">Aline Chaves Intorne<\/td><td class=\"column-3\">2023-07-31<\/td><td class=\"column-4\">UENF<\/td><td class=\"column-5\">UENF<\/td><td class=\"column-6\">Doctorado reciente - Producci\u00f3n vegetal-Fototecnia LFIT<\/td><td class=\"column-7\">Propagaci\u00f3n vegetativa<\/td>\n<\/tr>\n<tr class=\"row-22\">\n\t<td class=\"column-1\"><a href=\"http:\/\/lattes.cnpq.br\/8601561010861245\">Karina da Silva Vieira<\/a><\/td><td class=\"column-2\">Vanildo Silveira<\/td><td class=\"column-3\">UENF<\/td><td class=\"column-4\">UENF<\/td><td class=\"column-5\">--<\/td><td class=\"column-6\">--<\/td><td class=\"column-7\">--<\/td>\n<\/tr>\n<tr class=\"row-23\">\n\t<td class=\"column-1\"><a href=\"http:\/\/lattes.cnpq.br\/2931544873831002\">K\u00e1tia Fabiane Medeiros Schmitt<\/a><\/td><td class=\"column-2\"> Antonio Teixeira do Amaral Junior<\/td><td class=\"column-3\">2023-01-24<\/td><td class=\"column-4\">UENF<\/td><td class=\"column-5\">UENF<\/td><td class=\"column-6\">Reciente beca de Doctorado - PDJ del CNPq en Biotec.<\/td><td class=\"column-7\">Fisiolog\u00eda vegetal LMGV<\/td>\n<\/tr>\n<tr class=\"row-24\">\n\t<td class=\"column-1\"><a href=\"http:\/\/lattes.cnpq.br\/2584309184205593\">K\u00e9sia Dias dos Santos<\/a><\/td><td class=\"column-2\">Eliemar Campostrini<\/td><td class=\"column-3\">2024-08-07<\/td><td class=\"column-4\">UENF<\/td><td class=\"column-5\">Symbiomics Microbiome Solutions AS<br \/>\n<\/td><td class=\"column-6\">Especialista en Microbiolog\u00eda<\/td><td class=\"column-7\">Biotecnolog\u00eda vegetal<\/td>\n<\/tr>\n<tr class=\"row-25\">\n\t<td class=\"column-1\"><a href=\"http:\/\/lattes.cnpq.br\/2914176451457217\">Kevelin Barbosa Xavier<\/a><\/td><td class=\"column-2\">Thiago Motta Ven\u00e2ncio<\/td><td class=\"column-3\">2025-02-26<\/td><td class=\"column-4\">UENF<\/td><td class=\"column-5\">Cannamatrix<\/td><td class=\"column-6\">Cient\u00edfico jefe de datos<\/td><td class=\"column-7\">Biotecnolog\u00eda<\/td>\n<\/tr>\n<tr class=\"row-26\">\n\t<td class=\"column-1\"><a href=\"http:\/\/lattes.cnpq.br\/7160040676613371\">Leandro de Oliveira Silva<\/a><\/td><td class=\"column-2\">Cl\u00edcia Grativol Gaspar de Matos<\/td><td class=\"column-3\">2022-05-31<\/td><td class=\"column-4\">UENF<\/td><td class=\"column-5\">SEEDUC - RJ<\/td><td class=\"column-6\">Conferenciante<\/td><td class=\"column-7\">Profesor de Ciencias Biol\u00f3gicas<\/td>\n<\/tr>\n<tr class=\"row-27\">\n\t<td class=\"column-1\"><a href=\"http:\/\/lattes.cnpq.br\/9774659097544310\">L\u00eddia dos Santos Pessanha<\/a><\/td><td class=\"column-2\">Claudete Santa Catarina<\/td><td class=\"column-3\">2021-08-09<\/td><td class=\"column-4\">UENF<\/td><td class=\"column-5\">Guarder\u00eda y Escuela de la Sagrada Familia\/Campos dos Goytacazes\/RJ<\/td><td class=\"column-6\">Profesor de primaria <\/td><td class=\"column-7\">Ciencia<\/td>\n<\/tr>\n<tr class=\"row-28\">\n\t<td class=\"column-1\"><a href=\"http:\/\/lattes.cnpq.br\/1747924676854365\">Lidiane Figueiredo dos Santos<\/a><\/td><td class=\"column-2\">F\u00e1bio Lopes Olivares<\/td><td class=\"column-3\">2020-11-30<\/td><td class=\"column-4\">UENF\/Secretar\u00eda MG<\/td><td class=\"column-5\">Embrapa Agroenerg\u00eda\/UENF<br \/>\n<\/td><td class=\"column-6\">Becario de Desarrollo Tecnol\u00f3gico Industrial (DTI)\/Profesor de Educaci\u00f3n B\u00e1sica (PEB)<br \/>\r\n<\/td><td class=\"column-7\">Microbiolog\u00eda,Biotecnolog\u00eda\/ Educaci\u00f3n<\/td>\n<\/tr>\n<tr class=\"row-29\">\n\t<td class=\"column-1\"><a href=\"http:\/\/lattes.cnpq.br\/2644373107770629\">Lucas Rodrigues Xavier<\/a><\/td><td class=\"column-2\">Vanildo Silveira<\/td><td class=\"column-3\">2025-05-16<\/td><td class=\"column-4\">UENF<\/td><td class=\"column-5\">UENF<\/td><td class=\"column-6\">Post-Doc<\/td><td class=\"column-7\">Biotecnolog\u00eda vegetal<\/td>\n<\/tr>\n<tr class=\"row-30\">\n\t<td class=\"column-1\"><a href=\"http:\/\/lattes.cnpq.br\/7808591589321721\">Luiz Eduardo Souza da Silva Irineu<\/a><\/td><td class=\"column-2\">F\u00e1bio Lopes Olivares<\/td><td class=\"column-3\">2023-03-06<\/td><td class=\"column-4\">UENF<\/td><td class=\"column-5\">Centro de Tecnolog\u00eda Mineral (CETEM)\/RJ\/Embrapa Agrobiologia\/Serop\u00e9dica Agrobiologia<\/td><td class=\"column-6\">Becario postdoctoral<\/td><td class=\"column-7\">Microbiolog\u00eda del suelo<\/td>\n<\/tr>\n<tr class=\"row-31\">\n\t<td class=\"column-1\"><a href=\"http:\/\/lattes.cnpq.br\/9631139692308389\">Mariana Ramos Leandro<\/a><\/td><td class=\"column-2\">Gon\u00e7alo Apolin\u00e1rio de Souza Filho\t<\/td><td class=\"column-3\">2020-12-17<\/td><td class=\"column-4\">UENF<\/td><td class=\"column-5\">Empresa Symbiomics<\/td><td class=\"column-6\">Cient\u00edfico jefe de investigaci\u00f3n\/Jefe de producto<\/td><td class=\"column-7\">Biotecnolog\u00eda vegetal \/ Microbioma <\/td>\n<\/tr>\n<tr class=\"row-32\">\n\t<td class=\"column-1\"><a href=\"http:\/\/lattes.cnpq.br\/8319659060612916\">Milena Bellei Cherene<\/a><\/td><td class=\"column-2\">Valdirene Moreira Gomes<\/td><td class=\"column-3\">2023-07-31<\/td><td class=\"column-4\">UENF<\/td><td class=\"column-5\">UENF<\/td><td class=\"column-6\">Postdoctorado \/ UENF<\/td><td class=\"column-7\">Biotecnolog\u00eda vegetal<\/td>\n<\/tr>\n<tr class=\"row-33\">\n\t<td class=\"column-1\"><a href=\"http:\/\/lattes.cnpq.br\/6941450255386921\">Priscila Pires Bittencourt<\/a><\/td><td class=\"column-2\">F\u00e1bio Lopes Olivares<\/td><td class=\"column-3\">2023-02-27<\/td><td class=\"column-4\">UENF<\/td><td class=\"column-5\">BS Diagnostics - Bras\u00edlia\/DF<\/td><td class=\"column-6\">Coordinador t\u00e9cnico cient\u00edfico<\/td><td class=\"column-7\">Biotecnolog\u00eda, biolog\u00eda molecular y agroindustria<\/td>\n<\/tr>\n<tr class=\"row-34\">\n\t<td class=\"column-1\"><a href=\"http:\/\/lattes.cnpq.br\/3360640263200856\">Rafael Luiz Frinhani Rocha<\/a><\/td><td class=\"column-2\">F\u00e1bio Lopes Olivares<\/td><td class=\"column-3\">2022-02-23<\/td><td class=\"column-4\">UENF<\/td><td class=\"column-5\">Secretario de Educaci\u00f3n de Esp\u00edrito Santo\/ES<\/td><td class=\"column-6\">Profesor temporal de Ciencias y Biolog\u00eda<\/td><td class=\"column-7\">Educaci\u00f3n b\u00e1sica<\/td>\n<\/tr>\n<tr class=\"row-35\">\n\t<td class=\"column-1\"><a href=\"http:\/\/lattes.cnpq.br\/5432090648096480\">Raquel de Souza Braga Silva<\/a><\/td><td class=\"column-2\">Olga Lima Tavares Machado<\/td><td class=\"column-3\">2024-07-01<\/td><td class=\"column-4\">UENF<\/td><td class=\"column-5\">UENF<br \/>\n<\/td><td class=\"column-6\">Postdoctorado \/ Consorcio CEDERJ<\/td><td class=\"column-7\">Nanotecnolog\u00eda \/ Tutor del CEDERJ<\/td>\n<\/tr>\n<tr class=\"row-36\">\n\t<td class=\"column-1\"><a href=\"http:\/\/lattes.cnpq.br\/1277516676418065\">Renan Carrari dos Santos<\/a><\/td><td class=\"column-2\">Claudete Santa Catarina<\/td><td class=\"column-3\">2023-02-16<\/td><td class=\"column-4\">UENF<\/td><td class=\"column-5\">Secretar\u00eda de Estado de Educaci\u00f3n de Esp\u00edrito Santo (SEDU)<\/td><td class=\"column-6\">Conferenciante<\/td><td class=\"column-7\">Escuela del Futuro ense\u00f1anza a tiempo completo en la educaci\u00f3n ordinaria y t\u00e9cnica<\/td>\n<\/tr>\n<tr class=\"row-37\">\n\t<td class=\"column-1\"><a href=\"http:\/\/lattes.cnpq.br\/9587156379314907\">Renata Alves Mazuco<\/a><\/td><td class=\"column-2\">Dominik Lenz<\/td><td class=\"column-3\">2023-01-31<\/td><td class=\"column-4\">UVV<\/td><td class=\"column-5\">Dra. Renata Mazuco | Armonizaci\u00f3n facial<\/td><td class=\"column-6\">Esteticista<\/td><td class=\"column-7\">Farmac\u00e9utico est\u00e9tico<\/td>\n<\/tr>\n<tr class=\"row-38\">\n\t<td class=\"column-1\"><a href=\"http:\/\/lattes.cnpq.br\/2216322003710780\">Roberta Bessa da Silva<\/a><\/td><td class=\"column-2\">Antonia Elenir Amancio Oliveira<\/td><td class=\"column-3\">2026-02-26<\/td><td class=\"column-4\">UENF<\/td><td class=\"column-5\">--<\/td><td class=\"column-6\">--<\/td><td class=\"column-7\">--<\/td>\n<\/tr>\n<tr class=\"row-39\">\n\t<td class=\"column-1\"><a href=\"http:\/\/lattes.cnpq.br\/3329232025254028\">Roberta Pena da Paschoa<\/a><\/td><td class=\"column-2\">Vanildo Silveira<\/td><td class=\"column-3\">2023-02-28<\/td><td class=\"column-4\">UENF<\/td><td class=\"column-5\">UENF \/ Multivix<\/td><td class=\"column-6\">Investigador postdoctoral \/ Profesor<\/td><td class=\"column-7\">Biotecnolog\u00eda Vegetal \/ Profesor de Grado - Metabolismo y Desarrollo Vegetal<\/td>\n<\/tr>\n<tr class=\"row-40\">\n\t<td class=\"column-1\"><a href=\"http:\/\/lattes.cnpq.br\/8829125073270723\">Roque Alves da Silva J\u00fanior<\/a><\/td><td class=\"column-2\">Tadeu Uggere de Andrade<\/td><td class=\"column-3\">2024-07-19<\/td><td class=\"column-4\">UVV<\/td><td class=\"column-5\">SEDU - ES<\/td><td class=\"column-6\">Conferenciante<\/td><td class=\"column-7\">Escuela Primaria - Ciencias<\/td>\n<\/tr>\n<tr class=\"row-41\">\n\t<td class=\"column-1\"><a href=\"http:\/\/lattes.cnpq.br\/7505966740459791\">Rosana Gobbi Vettorazzi<\/a><\/td><td class=\"column-2\">Claudete Santa Catarina<\/td><td class=\"column-3\">2025-02-19<\/td><td class=\"column-4\">UENF<\/td><td class=\"column-5\">--<\/td><td class=\"column-6\">--<\/td><td class=\"column-7\">Sin relaci\u00f3n<\/td>\n<\/tr>\n<tr class=\"row-42\">\n\t<td class=\"column-1\"><a href=\"http:\/\/lattes.cnpq.br\/1399278833652149\">Sarah Rodrigues Ferreira<\/a><\/td><td class=\"column-2\">Antonia Elenir Amancio Oliveira<\/td><td class=\"column-3\">2025-02-27<\/td><td class=\"column-4\">UENF<\/td><td class=\"column-5\">UENF<\/td><td class=\"column-6\">Postdoctorado \/ CAPES<\/td><td class=\"column-7\">Biotecnolog\u00eda vegetal<\/td>\n<\/tr>\n<tr class=\"row-43\">\n\t<td class=\"column-1\"><a href=\"http:\/\/lattes.cnpq.br\/9078161040954198\">Shahid Khan<\/a><\/td><td class=\"column-2\">Ant\u00f4nio Teixeira do Amaral J\u00fanior<\/td><td class=\"column-3\">2020-12-08<\/td><td class=\"column-4\">UENF<\/td><td class=\"column-5\">UFGO<\/td><td class=\"column-6\">Profesor Asistente Visitante en el Programa de Postgrado en Agronom\u00eda<\/td><td class=\"column-7\">Biotecnolog\u00eda<\/td>\n<\/tr>\n<tr class=\"row-44\">\n\t<td class=\"column-1\"><a href=\"http:\/\/lattes.cnpq.br\/9560313870622716\">Thayn\u00e3 Amanda Melo Souza<\/a><\/td><td class=\"column-2\">Valdirene Moreira Gomes<\/td><td class=\"column-3\">2024-08-29<\/td><td class=\"column-4\">UENF<\/td><td class=\"column-5\">UENF<\/td><td class=\"column-6\">Post Doctor<\/td><td class=\"column-7\">Biociencias y biotecnolog\u00eda<\/td>\n<\/tr>\n<tr class=\"row-45\">\n\t<td class=\"column-1\"><a href=\"http:\/\/lattes.cnpq.br\/6230940723952334\">U\u00e9liton Alves de Oliveira<\/a><\/td><td class=\"column-2\">Antonio Teixeira do Amaral Junior<\/td><td class=\"column-3\">2025-02-25<\/td><td class=\"column-4\">UENF<\/td><td class=\"column-5\">UENF<\/td><td class=\"column-6\">Post Doctor<\/td><td class=\"column-7\">Biotecnolog\u00eda vegetal<\/td>\n<\/tr>\n<tr class=\"row-46\">\n\t<td class=\"column-1\"><a href=\"http:\/\/lattes.cnpq.br\/0753247360632129\">V\u00edvian Ribeiro Pimentel<\/a><\/td><td class=\"column-2\">Gon\u00e7alo Apolin\u00e1rio de Souza Filho\t<\/td><td class=\"column-3\">2023-03-28<\/td><td class=\"column-4\">UENF<\/td><td class=\"column-5\">--<\/td><td class=\"column-6\">--<\/td><td class=\"column-7\">No trabajar en la zona<\/td>\n<\/tr>\n<tr class=\"row-47\">\n\t<td class=\"column-1\"><a href=\"http:\/\/lattes.cnpq.br\/7556319350001364\">Walaci da Silva Santos<\/a><\/td><td class=\"column-2\">Gon\u00e7alo Apolin\u00e1rio de Souza Filho<\/td><td class=\"column-3\">2024-02-26<\/td><td class=\"column-4\">UENF<\/td><td class=\"column-5\">Aroma Biotech-Startup - FAPERJ<\/td><td class=\"column-6\">CEO (Consejero Delegado)<\/td><td class=\"column-7\">Biotecnolog\u00eda en la agricultura<\/td>\n<\/tr>\n<\/tbody>\n<\/table>\n<!-- #tablepress-33 from cache --><\/div><\/div><\/div><div id=\"egressos-dsc\" class=\"container-fluid\"><h3><strong>Postdoctorado<\/strong><\/h3><div class=\"datagrid\"><div>\n<table id=\"tablepress-32\" class=\"tablepress tablepress-id-32\">\n<thead>\n<tr class=\"row-1\">\n\t<th class=\"column-1\">Nombre<\/th><th class=\"column-2\">Supervisor<\/th><th class=\"column-3\">Financiaci\u00f3n\/Becas<\/th><th class=\"column-4\">Instituci\u00f3n<\/th><th class=\"column-5\">Inicio<\/th><th class=\"column-6\">Conclusi\u00f3n<\/th>\n<\/tr>\n<\/thead>\n<tbody class=\"row-striping row-hover\">\n<tr class=\"row-2\">\n\t<td class=\"column-1\"><a href=\"http:\/\/lattes.cnpq.br\/4308996938083451\">Amanda Azevedo Bertolazi<\/a><\/td><td class=\"column-2\">Alessandro Coutinho Ramos\t<\/td><td class=\"column-3\">FAPES<\/td><td class=\"column-4\">UVV<\/td><td class=\"column-5\">2018\/09<\/td><td class=\"column-6\">2021\/08<\/td>\n<\/tr>\n<tr class=\"row-3\">\n\t<td class=\"column-1\"><a href=\"http:\/\/lattes.cnpq.br\/7703691840425635\">Camilla Ribeiro Alexandrino<\/a><\/td><td class=\"column-2\">Valdirene Moreira Gomes<\/td><td class=\"column-3\">FAPERJ<\/td><td class=\"column-4\">UENF<\/td><td class=\"column-5\">2019\/03<\/td><td class=\"column-6\">2020\/03<\/td>\n<\/tr>\n<tr class=\"row-4\">\n\t<td class=\"column-1\"><a href=\"http:\/\/lattes.cnpq.br\/3364761615981059\">Cl\u00e1udio Benicio Cardoso da Silva<\/a><\/td><td class=\"column-2\">Thiago Motta Ven\u00e2ncio<\/td><td class=\"column-3\">FAPERJ (Senior)<\/td><td class=\"column-4\">UENF<\/td><td class=\"column-5\">2020\/10<\/td><td class=\"column-6\">2022\/10<\/td>\n<\/tr>\n<tr class=\"row-5\">\n\t<td class=\"column-1\"><a href=\"http:\/\/lattes.cnpq.br\/6624944469046246\">Cleiton de Paula Soares<\/a><\/td><td class=\"column-2\">F\u00e1bio Lopes Olivares<\/td><td class=\"column-3\">FAPERJ<\/td><td class=\"column-4\">UENF<\/td><td class=\"column-5\">2019\/05<\/td><td class=\"column-6\">2020\/04<\/td>\n<\/tr>\n<tr class=\"row-6\">\n\t<td class=\"column-1\"><a href=\"http:\/\/lattes.cnpq.br\/5634913240588701\">\u00c9rica de Oliveira Mello<\/a><\/td><td class=\"column-2\">Valdirene Moreira Gomes<\/td><td class=\"column-3\">FAPERJ (Senior)<\/td><td class=\"column-4\">UENF<\/td><td class=\"column-5\">2020\/10<\/td><td class=\"column-6\">2021\/11<\/td>\n<\/tr>\n<tr class=\"row-7\">\n\t<td class=\"column-1\"><a href=\"http:\/\/lattes.cnpq.br\/3981521523329173\">Fabiano Silva Soares <\/a><\/td><td class=\"column-2\">Gon\u00e7alo Apolin\u00e1rio<\/td><td class=\"column-3\">Doctorado reciente (UENF)<\/td><td class=\"column-4\">UENF<\/td><td class=\"column-5\">2022\/10<\/td><td class=\"column-6\">2025\/03<\/td>\n<\/tr>\n<tr class=\"row-8\">\n\t<td class=\"column-1\"><a href=\"http:\/\/lattes.cnpq.br\/6834427626174990\">Felipe Astolpho de Almeida<\/a><\/td><td class=\"column-2\">Vanildo Silveira<\/td><td class=\"column-3\">Doctorado reciente (UENF)\t<\/td><td class=\"column-4\">UENF<\/td><td class=\"column-5\">2021\/05<\/td><td class=\"column-6\">2022\/03<\/td>\n<\/tr>\n<tr class=\"row-9\">\n\t<td class=\"column-1\"><a href=\"http:\/\/lattes.cnpq.br\/8154976376584399\">Francisnei Pedrosa da Silva<\/a><\/td><td class=\"column-2\">Thiago Motta Ven\u00e2ncio<\/td><td class=\"column-3\">Nuevo Doctor Estrat\u00e9gico (UENF)\t<\/td><td class=\"column-4\">UENF<\/td><td class=\"column-5\">2022\/12<\/td><td class=\"column-6\">2023\/09<\/td>\n<\/tr>\n<tr class=\"row-10\">\n\t<td class=\"column-1\"><a href=\"http:\/\/lattes.cnpq.br\/2652519932566573\">Kariane Rodrigues de Sousa<\/a><\/td><td class=\"column-2\">Claudete Santa Catarina<\/td><td class=\"column-3\">Doctorado reciente (UENF)<\/td><td class=\"column-4\">UENF<\/td><td class=\"column-5\">2019\/03<\/td><td class=\"column-6\">2020\/02<\/td>\n<\/tr>\n<tr class=\"row-11\">\n\t<td class=\"column-1\"><a href=\"http:\/\/lattes.cnpq.br\/2931544873831002\">K\u00e1tia Fabiane Medeiros Schmitt<\/a><\/td><td class=\"column-2\">Eliemar Campostrini<\/td><td class=\"column-3\">CNPQ Nuevo m\u00e9dico<\/td><td class=\"column-4\">UENF<\/td><td class=\"column-5\">2023\/05<\/td><td class=\"column-6\">2025\/02<\/td>\n<\/tr>\n<tr class=\"row-12\">\n\t<td class=\"column-1\"><a href=\"http:\/\/lattes.cnpq.br\/9655836639699172\">Let\u00edcia Oliveira da Rocha<\/a><\/td><td class=\"column-2\">F\u00e1bio Lopes Olivares<\/td><td class=\"column-3\">FAPERJ\/UENF<\/td><td class=\"column-4\">UENF<\/td><td class=\"column-5\">2019\/03<\/td><td class=\"column-6\">2020\/02<\/td>\n<\/tr>\n<tr class=\"row-13\">\n\t<td class=\"column-1\"><a href=\"http:\/\/lattes.cnpq.br\/4027915884293286\">Layrana de Azevedo dos Santos<\/a><\/td><td class=\"column-2\">Valdirene Moreira Gomes\t<\/td><td class=\"column-3\">Doctorado reciente (UENF)<\/td><td class=\"column-4\">UENF<\/td><td class=\"column-5\">2020\/05<\/td><td class=\"column-6\">2021\/05<\/td>\n<\/tr>\n<tr class=\"row-14\">\n\t<td class=\"column-1\"><a href=\"http:\/\/lattes.cnpq.br\/0882299262620750\">Mariana Teresa Barduco Ferreira<\/a><\/td><td class=\"column-2\">F\u00e1bio Lopes Olivares<\/td><td class=\"column-3\">Doctorado reciente (UENF)<\/td><td class=\"column-4\">UENF<\/td><td class=\"column-5\">2020\/05<\/td><td class=\"column-6\">2021\/05<\/td>\n<\/tr>\n<tr class=\"row-15\">\n\t<td class=\"column-1\"><a href=\"http:\/\/lattes.cnpq.br\/9734597817942126\">Nat\u00e1lia de Oliveira Aguiar Canellas<\/a><\/td><td class=\"column-2\">F\u00e1bio Lopes Olivares<\/td><td class=\"column-3\">Nota Post-Doc 10 FAPERJ\t<\/td><td class=\"column-4\">UENF<\/td><td class=\"column-5\">2018\/04<\/td><td class=\"column-6\">2021\/09<\/td>\n<\/tr>\n<tr class=\"row-16\">\n\t<td class=\"column-1\"><a href=\"http:\/\/lattes.cnpq.br\/3271223159819454\">Caio Cezar Guedes Correa<\/a><\/td><td class=\"column-2\">Ant\u00f4nio Teixeira do Amaral Junior<\/td><td class=\"column-3\">Doctorado reciente (UENF)<\/td><td class=\"column-4\">UENF<\/td><td class=\"column-5\">2020\/05<\/td><td class=\"column-6\">2020\/12<\/td>\n<\/tr>\n<tr class=\"row-17\">\n\t<td class=\"column-1\"><a href=\"http:\/\/lattes.cnpq.br\/0904453342512835\">Joviana Lerin<\/a><\/td><td class=\"column-2\">Claudete Santa Catarina<\/td><td class=\"column-3\">Doctorado reciente (UENF)<\/td><td class=\"column-4\">UENF<\/td><td class=\"column-5\">2020\/03<\/td><td class=\"column-6\">2021\/07<\/td>\n<\/tr>\n<tr class=\"row-18\">\n\t<td class=\"column-1\"><a href=\"http:\/\/lattes.cnpq.br\/9749949101999736\">Larissa Corletti da Costa<\/a><\/td><td class=\"column-2\">Marcelo da Silva Moretti<\/td><td class=\"column-3\">Nuevo Doctor<\/td><td class=\"column-4\">UVV<\/td><td class=\"column-5\">2022\/06<\/td><td class=\"column-6\">2025\/12<\/td>\n<\/tr>\n<tr class=\"row-19\">\n\t<td class=\"column-1\"><a href=\"http:\/\/lattes.cnpq.br\/4123955216281003\">Marciele Souza da Silva<\/a><\/td><td class=\"column-2\">Valdirene Moreira Gomes<\/td><td class=\"column-3\">Doctorado reciente (UENF)<\/td><td class=\"column-4\">UENF<\/td><td class=\"column-5\">2021\/05<\/td><td class=\"column-6\">2023\/06<\/td>\n<\/tr>\n<tr class=\"row-20\">\n\t<td class=\"column-1\"><a href=\"http:\/\/lattes.cnpq.br\/4123955216281003\">Marciele Souza da Silva<\/a><\/td><td class=\"column-2\">Valdirene Moreira Gomes<\/td><td class=\"column-3\">Postdoctorado junior - PDJ - CNP-q<\/td><td class=\"column-4\">UENF<\/td><td class=\"column-5\">2023\/07<\/td><td class=\"column-6\">2025\/06<\/td>\n<\/tr>\n<tr class=\"row-21\">\n\t<td class=\"column-1\"><a href=\" http:\/\/lattes.cnpq.br\/623094072395233\"> U\u00e9liton Alves de Oliveira  <\/a><\/td><td class=\"column-2\">Ant\u00f4nio Teixeira do Amaral<\/td><td class=\"column-3\">Doctorado reciente (UENF)<\/td><td class=\"column-4\">UENF<\/td><td class=\"column-5\">2025\/06<\/td><td class=\"column-6\">2025\/12<\/td>\n<\/tr>\n<tr class=\"row-22\">\n\t<td class=\"column-1\"><a href=\"http:\/\/lattes.cnpq.br\/3329232025254028\">Roberta Pena da Paschoa<\/a><\/td><td class=\"column-2\">Vanildo Silveira<\/td><td class=\"column-3\">Doctorado reciente (UENF)<\/td><td class=\"column-4\">UENF<\/td><td class=\"column-5\">2023\/05<\/td><td class=\"column-6\">2024\/04<\/td>\n<\/tr>\n<tr class=\"row-23\">\n\t<td class=\"column-1\"><a href=\"http:\/\/lattes.cnpq.br\/3329232025254028\">Roberta Pena da Paschoa<\/a><\/td><td class=\"column-2\">Vanildo Silveira<\/td><td class=\"column-3\">CAPES Estrat\u00e9gico Post Doc<\/td><td class=\"column-4\">UENF<\/td><td class=\"column-5\">2024\/05<\/td><td class=\"column-6\">2025\/10<\/td>\n<\/tr>\n<tr class=\"row-24\">\n\t<td class=\"column-1\"><a href=\"http:\/\/lattes.cnpq.br\/4343507117649561\">Vitor Batista Pinto<\/a><\/td><td class=\"column-2\">Vanildo Silveira<\/td><td class=\"column-3\">FAPERJ\/UENF<\/td><td class=\"column-4\">UENF<\/td><td class=\"column-5\">2019\/08<\/td><td class=\"column-6\">2023\/03<\/td>\n<\/tr>\n<tr class=\"row-25\">\n\t<td class=\"column-1\"><a href=\"http:\/\/lattes.cnpq.br\/1626204785454495\">Yrexam Rodrigues de Souza Ribeiro<\/a><\/td><td class=\"column-2\">Claudete Santa Catarina<\/td><td class=\"column-3\">Doctorado reciente (UENF)<\/td><td class=\"column-4\">UENF<\/td><td class=\"column-5\">2022\/04<\/td><td class=\"column-6\">2025\/02<\/td>\n<\/tr>\n<tr class=\"row-26\">\n\t<td class=\"column-1\"><a href=\"http:\/\/lattes.cnpq.br\/1277516676418065\">Renan Carrari dos Santos<\/a><\/td><td class=\"column-2\">Claudete Santa Catarina<\/td><td class=\"column-3\">Postdoctorado estrat\u00e9gico CAPES<\/td><td class=\"column-4\">UENF<\/td><td class=\"column-5\">2023\/05<\/td><td class=\"column-6\">2025\/01<\/td>\n<\/tr>\n<\/tbody>\n<\/table>\n<!-- #tablepress-32 from cache --><\/div><\/div><\/div>\t\t\t\t\t\t<\/div>\n\t\t\t\t<\/div>\n\t\t\t\t\t<\/div>\n\t\t<\/div>\n\t\t\t\t\t<\/div>\n\t\t<\/section>\n\t\t\t\t<\/div>","protected":false},"excerpt":{"rendered":"<p>Depoimentos: O PPGBV teve papel central na minha forma\u00e7\u00e3o acad\u00eamica, profissional e pessoal, estruturando de forma s\u00f3lida meu crescimento ao longo da p\u00f3s-gradua\u00e7\u00e3o. A excel\u00eancia do corpo docente e a qualidade da infraestrutura laboratorial foram determinantes para o meu desenvolvimento como cientista, com \u00eanfase em Ecofisiologia Microbiana. Por meio do Programa, realizei o doutorado sandu\u00edche [&hellip;]<\/p>\n","protected":false},"author":1,"featured_media":0,"parent":0,"menu_order":0,"comment_status":"closed","ping_status":"closed","template":"","meta":{"footnotes":""},"class_list":["post-171","page","type-page","status-publish","hentry"],"_links":{"self":[{"href":"https:\/\/pgbv.uenf.br\/es\/wp-json\/wp\/v2\/pages\/171","targetHints":{"allow":["GET"]}}],"collection":[{"href":"https:\/\/pgbv.uenf.br\/es\/wp-json\/wp\/v2\/pages"}],"about":[{"href":"https:\/\/pgbv.uenf.br\/es\/wp-json\/wp\/v2\/types\/page"}],"author":[{"embeddable":true,"href":"https:\/\/pgbv.uenf.br\/es\/wp-json\/wp\/v2\/users\/1"}],"replies":[{"embeddable":true,"href":"https:\/\/pgbv.uenf.br\/es\/wp-json\/wp\/v2\/comments?post=171"}],"version-history":[{"count":71,"href":"https:\/\/pgbv.uenf.br\/es\/wp-json\/wp\/v2\/pages\/171\/revisions"}],"predecessor-version":[{"id":5576,"href":"https:\/\/pgbv.uenf.br\/es\/wp-json\/wp\/v2\/pages\/171\/revisions\/5576"}],"wp:attachment":[{"href":"https:\/\/pgbv.uenf.br\/es\/wp-json\/wp\/v2\/media?parent=171"}],"curies":[{"name":"wp","href":"https:\/\/api.w.org\/{rel}","templated":true}]}}